{"id":750,"date":"2022-08-01T11:42:11","date_gmt":"2022-08-01T14:42:11","guid":{"rendered":"http:\/\/www.qhs.com.ar\/web\/?page_id=750"},"modified":"2024-10-20T22:10:26","modified_gmt":"2024-10-21T01:10:26","slug":"normas-de-convivencia","status":"publish","type":"page","link":"https:\/\/www.qhs.com.ar\/web\/index.php\/normas-de-convivencia\/","title":{"rendered":"Normas de convivencia"},"content":{"rendered":"<p>[et_pb_section fb_built=\u00bb1&#8243; _builder_version=\u00bb4.17.4&#8243; _module_preset=\u00bbdefault\u00bb background_color=\u00bbrgba(0,69,22,0.87)\u00bb background_image=\u00bbhttps:\/\/www.qhs.com.ar\/web\/wp-content\/uploads\/campo-de-deportes-home.jpg\u00bb background_blend=\u00bbmultiply\u00bb global_colors_info=\u00bb{}\u00bb][et_pb_row _builder_version=\u00bb4.17.4&#8243; _module_preset=\u00bbdefault\u00bb width=\u00bb90%\u00bb max_width=\u00bb100%\u00bb global_colors_info=\u00bb{}\u00bb][et_pb_column type=\u00bb4_4&#8243; _builder_version=\u00bb4.17.4&#8243; _module_preset=\u00bbdefault\u00bb global_colors_info=\u00bb{}\u00bb][et_pb_text _builder_version=\u00bb4.17.6&#8243; _module_preset=\u00bbdefault\u00bb text_font=\u00bbOpen Sans|700|||||||\u00bb text_text_color=\u00bb#FFFFFF\u00bb text_font_size=\u00bb40px\u00bb text_orientation=\u00bbcenter\u00bb custom_margin=\u00bb||20px||false|false\u00bb custom_padding=\u00bb||||false|false\u00bb global_colors_info=\u00bb{}\u00bb]<\/p>\n<p>Jard\u00edn de Infantes<\/p>\n<p>[\/et_pb_text][\/et_pb_column][\/et_pb_row][\/et_pb_section][et_pb_section fb_built=\u00bb1&#8243; custom_padding_last_edited=\u00bbon|phone\u00bb _builder_version=\u00bb4.18.0&#8243; _module_preset=\u00bbdefault\u00bb z_index=\u00bb50&#8243; custom_margin=\u00bb0px||80px||false|false\u00bb custom_margin_tablet=\u00bb0px||80px||false|false\u00bb custom_margin_phone=\u00bb||40px||false|false\u00bb custom_margin_last_edited=\u00bbon|phone\u00bb custom_padding=\u00bb60px||0px||false|false\u00bb custom_padding_tablet=\u00bb60px||0px||false|false\u00bb custom_padding_phone=\u00bb||||false|false\u00bb global_colors_info=\u00bb{}\u00bb][et_pb_row _builder_version=\u00bb4.17.4&#8243; _module_preset=\u00bbdefault\u00bb max_width=\u00bb100%\u00bb custom_padding=\u00bb0px||0px||true|false\u00bb global_colors_info=\u00bb{}\u00bb][et_pb_column type=\u00bb4_4&#8243; _builder_version=\u00bb4.17.4&#8243; _module_preset=\u00bbdefault\u00bb global_colors_info=\u00bb{}\u00bb][et_pb_text _builder_version=\u00bb4.18.0&#8243; _module_preset=\u00bbdefault\u00bb text_font=\u00bbOpen Sans|700|||||||\u00bb text_text_color=\u00bbgcid-51c228db-bf35-4437-87b7-906a6b6a9585&#8243; text_font_size=\u00bb28px\u00bb text_line_height=\u00bb32px\u00bb custom_margin=\u00bb||30px||false|false\u00bb custom_padding=\u00bb0px||0px||true|false\u00bb hover_enabled=\u00bb0&#8243; global_colors_info=\u00bb{%22gcid-51c228db-bf35-4437-87b7-906a6b6a9585%22:%91%22text_text_color%22%93}\u00bb sticky_enabled=\u00bb0&#8243;]<\/p>\n<p>Normas de Funcionamiento y Acuerdos de Convivencia<\/p>\n<p>[\/et_pb_text][et_pb_text _builder_version=\u00bb4.22.2&#8243; _module_preset=\u00bbdefault\u00bb text_font=\u00bbOpen Sans||||||||\u00bb text_text_color=\u00bb#000000&#8243; text_line_height=\u00bb1.5em\u00bb custom_margin=\u00bb||20px||false|false\u00bb hover_enabled=\u00bb0&#8243; global_colors_info=\u00bb{}\u00bb sticky_enabled=\u00bb0&#8243;]<\/p>\n<p><strong><br \/>Horarios:<\/strong><\/p>\n<p><strong>Turno ma\u00f1ana: <\/strong>7.45 a 11.45 <strong>Turno tarde: <\/strong>13.50 a 16.30<\/p>\n<p><strong>Calendario especial :<\/strong><\/p>\n<p>De acuerdo con el calendario especial de las escuelas biling\u00fces reconocidas, las actividades pedag\u00f3gicas tendr\u00e1n un receso durante <strong>una semana del mes de septiembre <\/strong>(en 2024 ser\u00e1n del <strong>16 al 20 <\/strong>de ese mes). El calendario escolar de la Provincia de Buenos Aires paut\u00f3 el <strong>receso invernal del 15 al 26 de julio <\/strong>y la finalizaci\u00f3n del ciclo lectivo el <strong>20 de diciembre. <\/strong><\/p>\n<p><strong>Entrada y Salida:<\/strong><\/p>\n<p>El Jard\u00edn cuenta con dos puertas de acceso: calle Rivadavia 445 y calle Paz 625. Los alumnos pueden ingresar desde las 7.45 y las 13.50. Las puertas de ingreso se cierran puntualmente a las 8:00 y a las 14:00, para realizar la ceremonia de izamiento de la Bandera y el saludo grupal.<\/p>\n<p>Es muy importante para los ni\u00f1os la puntualidad tanto para ingresar como para ser retirados del Jard\u00edn. Solicitamos a las familias de los alumnos que ingresan por la calle Paz, que de demorarse y encontrar la puerta cerrada, se acerquen por la puerta de la calle Rivadavia.<\/p>\n<p>Los d\u00edas de lluvia quienes retiren al ni\u00f1o ingresan al Jard\u00edn por las puertas correspondientes para retirar a sus hijos.<\/p>\n<p>En caso de que las familias requieran ingresar o retirar a los ni\u00f1os en horarios diferentes a los establecidos, solicitamos anticiparlo por e-mail a la casilla que corresponda a la secci\u00f3n de su hijo\/a.: <u>preceptoria3@qhs-imb.edu.ar\/ preceptoria4@qhs-imb.edu.ar<\/u> \/ <u>preceptoria5@qhs-imb.edu.ar<\/u><\/p>\n<ul>\n<li><strong><u> UNIFORME OBLIGATORIO<\/u><\/strong><\/li>\n<\/ul>\n<p>Los h\u00e1bitos de higiene, orden y prolijidad se inician en este nivel, por ello se debe tener muy en cuenta la presentaci\u00f3n del ni\u00f1o\/a con el uniforme en perfectas condiciones.<\/p>\n<p>&#8211; Chomba blanca con escudo<\/p>\n<p>&#8211; Pantal\u00f3n,\u00a0 short o pollera- pantalon deportiva verde reglamentario<\/p>\n<p>&#8211; Buzo y campera verde con escudo<\/p>\n<p>&#8211; Zapatillas y medias blancas (sin dibujos ni otros colores).<\/p>\n<p>&#8211; Campera de abrigo verde del uniforme.<\/p>\n<p>&#8211; Accesorios (mo\u00f1os, bufandas, guantes y gorros) blancos o verde reglamentarios Los mismos no deben interferir en el accionar seguro del alumno dentro del Jard\u00edn.<\/p>\n<ul>\n<li><strong><u>ELEMENTOS COTIDIANOS NECESARIOS<\/u><\/strong>: La mochila debe ser la que corresponde al uniforme con los siguientes elementos (todo con nombre):<\/li>\n<\/ul>\n<p>&#8211; Taza sin plato o vaso pl\u00e1stico sin sorbete (recordar lavarla diariamente)<\/p>\n<p>&#8211; Mantel individual, servilleta y toalla con cinta para colgar del cuello, pa\u00f1uelos descartables. &#8211; 2 <em>Tuppers <\/em>(1 para cada turno) con alimentos para las colaciones (frutas, galletitas, etc). En caso de enviar yogur, dar aviso a las preceptoras para refrigerarlo adecuadamente.<\/p>\n<p>&#8211; Muda de ropa interior (bombacha\/calzoncillo y medias) en bolsa herm\u00e9tica (tipo \u201cZiploc\u201d) IMPORTANTE: No se pueden traer juguetes y golosinas (chocolates, chupetines, caramelos). Se recomienda no asistir con tatuajes, u\u00f1as pintadas, maquillaje o alhajas.<\/p>\n<ul>\n<li><strong> <\/strong><strong><u>ELEMENTOS PARA DEJAR EN EL JARD\u00cdN:<\/u><\/strong><\/li>\n<\/ul>\n<p>&#8211; Guardapolvo para arte (de tela, no de pl\u00e1stico, estampado a elecci\u00f3n)<\/p>\n<p>&#8211; Muda de ropa (en bolsa de tela con nombre bien visible), conteniendo:<\/p>\n<p><strong>-Para los alumnos de las salas de 3 a\u00f1os: <\/strong>un paquete de toallitas h\u00famedas, 2 pares de medias, 3 bombachas o calzoncillos, un short, un pantal\u00f3n, una remera y un par de zapatillas. Estas prendas pueden ser o no del uniforme. Colocar nombre a todas ellas.<\/p>\n<p><strong>-Para los alumnos de las salas de 4 y 5 a\u00f1os<\/strong>: 1 bombacha o calzoncillo, 1 pantal\u00f3n o short seg\u00fan la estaci\u00f3n, 2 remeras que pueden ser o no del uniforme. Colocar nombre a todas las prendas. Si su hijo\/a se higieniza con toallitas h\u00famedas al momento de ir al ba\u00f1o, agregar un paquete peque\u00f1o con nombre para uso personal.<\/p>\n<ul>\n<li><strong><u>COLACIONES<\/u><\/strong><strong>: <\/strong>Al mediar ambos turnos los grupos realizan una colaci\u00f3n. Durante ese momento, junto con los alimentos que traen desde sus hogares, se les ofrece agua mineral, leche, t\u00e9 y mate cocido. Si las familias asi lo desean, pueden enviar yogur, avisando a las preceptoras de modo de cuidar la cadena de fr\u00edo.<\/li>\n<\/ul>\n<p>Solo se aceptar\u00e1n cajitas de jugo, leche chocolatada, etc, los d\u00edas de merienda especial para el campo de deportes. De recibirlos en alg\u00fan otro momento ser\u00e1n reenviados a los hogares.<\/p>\n<ul>\n<li><strong><u> CUMPLEA\u00d1OS Y SOUVENIRS:<\/u><\/strong><\/li>\n<\/ul>\n<p>Para festejar un evento tan importante para el ni\u00f1o o la ni\u00f1a , solicitamos acercar al Jard\u00edn <strong>\u00fanicamente <\/strong>:<\/p>\n<p>&#8211; una torta o cupcakes con velitas.<\/p>\n<p>&#8211; platitos y cucharitas descartables,<\/p>\n<p>&#8211; un paquete de servilletas de papel<\/p>\n<p><strong>Se reservar\u00e1 para el festejo en sus hogares el resto de los objetos como cotill\u00f3n, globos y gaseosas. <\/strong>La preceptora podr\u00e1 ser la encargada de repartir las invitaciones s\u00f3lo si se invita a todos los compa\u00f1eros sin excluir a ninguno de la sala. Las mismas se enviar\u00e1n en las mochilas de los ni\u00f1os de la sala. La invitaci\u00f3n a otros ni\u00f1os del Jard\u00edn queda a cargo de las familias.<\/p>\n<p><strong>No se repartir\u00e1n souvenirs de cumplea\u00f1os u otra \u00edndole. <\/strong><\/p>\n<ul>\n<li><strong><u> V\u00cdAS DE COMUNICACI\u00d3N:<\/u> <\/strong><\/li>\n<\/ul>\n<p><strong>Es fundamental que las familias est\u00e9n siempre atentas al mail que la escuela ha generado para su hijo\/a, (<u>alumno@qhs-imb.edu.ar)<\/u> pues all\u00ed recibir\u00e1n TODAS las notificaciones del Jard\u00edn. <\/strong>(avisos de episodios cotidianos, pedidos, informaci\u00f3n relevante, etc)<\/p>\n<p>Ponemos a disposici\u00f3n de las familias estas casillas de correo seg\u00fan el motivo de su mensaje: \u25cf<u> preceptoria3@qhs-imb.edu.ar; preceptoria4@qhs-imb.edu.ar; preceptoria5@qhs-imb.edu.ar<\/u> (seg\u00fan corresponda) : inquietudes, avisos de retiros no habituales, situaciones de salud\/dietas, comedor, pedido de reuniones con los docentes, etc. Esta casilla es le\u00edda por el equipo de preceptoras y los directivos. Las preceptoras informar\u00e1n a las docentes el contenido de los mensajes recibidos. \u25cf<u> direccionJard\u00edn@qhs-imb.edu.ar <\/u>:comunicaci\u00f3n con el Equipo Directivo.<\/p>\n<ul>\n<li><u> eoeJard\u00edn@qhs.com.ar: <\/u>consultas o pedidos de entrevistas con el Equipo de Orientaci\u00f3n Escolar. <u>qhscomedor@gmail.com : C<\/u>onsultas por el servicio de comedor<\/li>\n<\/ul>\n<p><strong><u>Comunicaciones telef\u00f3nicas<\/u><\/strong><u>:<\/u> 4253 7124 \/ 4253 0123\/ 15 3686 9956<\/p>\n<p>El personal auxiliar ser\u00e1 responsable de recepcionar los llamados y trasladar\u00e1 la comunicaci\u00f3n a las preceptoras, al personal directivo o secretar\u00eda seg\u00fan el motivo de los mismos.<\/p>\n<p>Como ustedes comprender\u00e1n la prioridad del personal docente es acompa\u00f1ar a los alumnos en sus actividades, y no nos es viable estar pendientes permanentemente del celular; por lo tanto, y para lograr una comunicaci\u00f3n efectiva, l<u>es agradecemos utilizar en forma prioritaria el correo electr\u00f3nico.<\/u><\/p>\n<ul>\n<li><strong><u> CONSULTAS<\/u><\/strong><strong><u>:<\/u><\/strong><\/li>\n<\/ul>\n<p>En caso de que los progenitores necesiten conversar con las docentes o el Equipo Directivo, podr\u00e1n<\/p>\n<p>solicitar una entrevista previamente, mediante las vias de comunicacion informadas. Las docentes no pueden atender llamados telef\u00f3nicos durante el horario de clases. Las preceptoras recepcionar\u00e1n el mensaje y lo transmitir\u00e1n a la maestra.<\/p>\n<p>Cuidando la intimidad de cada uno de nuestros alumnos, sugerimos no solicitar a las docentes informaci\u00f3n sobre situaciones escolares en la vereda del establecimiento, sino pautar con ellas un momento de encuentro.<\/p>\n<ul>\n<li><strong><u> AUTORIZACIONES:<\/u> <\/strong><\/li>\n<\/ul>\n<p>Para que los alumnos puedan ser retirados del Jard\u00edn durante todo el ciclo lectivo por personas que no sean sus progenitores, las familias consignan por escrito esta informaci\u00f3n en formularios que se env\u00edan para tal fin, incluyendo nombre completo y DNI de dichas personas. Al momento de retirar al ni\u00f1o o ni\u00f1a esta persona deber\u00e1 acreditar su identidad sin excepci\u00f3n.<\/p>\n<p>Por razones de seguridad no se aceptar\u00e1n llamados telef\u00f3nicos de autorizaci\u00f3n. Para autorizar a personas en forma circunstancial, los progenitores deber\u00e1n hacerlo por escrito incluyendo d\u00eda, horario, el nombre completo y el N\u00ba de documento de la persona que retirar\u00e1 al alumno\/a, mediante correo electr\u00f3nico a las casillas de<u> preceptoria\u2026.@qhs-imb.edu.ar.<\/u><\/p>\n<ul>\n<li><strong><u> SERVICIO DE COMEDOR:<\/u> <\/strong><\/li>\n<\/ul>\n<p>Este servicio se brinda entre las 11.45 y las 13:45 hs. en aulas del Jard\u00edn de Infantes con la supervisi\u00f3n de maestras de nuestra escuela y personal auxiliar quienes acompa\u00f1an a los ni\u00f1os, los ayudan y pautan momentos de distensi\u00f3n y descanso, para renovar las energ\u00edas y continuar con las actividades del turno tarde. Se ofrecen 3 modalidades:<\/p>\n<p>&#8211; de lunes a viernes<\/p>\n<p>&#8211; lunes, mi\u00e9rcoles y viernes<\/p>\n<p>&#8211; martes, mi\u00e9rcoles y jueves.<\/p>\n<p>En caso de que alg\u00fan ni\u00f1o requiera alguna dieta espec\u00edfica permanente o temporal, solicitamos enviar el certificado m\u00e9dico correspondiente con indicaciones precisas e informarlo tambien al concesionario mediante la casilla <u>qhscomedor@gmail.com<\/u> .<\/p>\n<p>Cabe mencionar que la asistencia y permanencia de los alumnos al mismo est\u00e1 supeditada a su bienestar y rendimiento observado en sus actividades de aprendizaje. Ante cualquier inconveniente, si no comen, o sienten alg\u00fan malestar se convocar\u00e1 a la familia, por lo que es fundamental tener alguna persona disponible para retirar al ni\u00f1o\/a en caso necesario.<\/p>\n<p>Para que su hijo\/a pueda manejarse con seguridad en este momento les recomendamos que le expliquen que ustedes han decidido que almorzar\u00e1 en la escuela, donde lo conocen, quieren y cuidan mucho. Adem\u00e1s es muy importante que haya logrado:<\/p>\n<p>&#8211; Manifestarse confiado\/a y adaptado\/a a la rutina del Jard\u00edn.<\/p>\n<p>&#8211; Manejarse correcta e independientemente para comer solo\/a (usar tenedor y cuchara en forma adecuada).<\/p>\n<p>&#8211; Permanecer sentado\/a durante el momento de la comida.<\/p>\n<p>&#8211; Desenvolverse con independencia en el ba\u00f1o.<\/p>\n<p>&#8211; Higienizarse y cepillarse los dientes con autonom\u00eda.<\/p>\n<p>&#8211; Expresar sus necesidades a los docentes.<\/p>\n<p>Se los acompa\u00f1ar\u00e1 a diario para que progresivamente avancen en estos aspectos..<\/p>\n<p>Los alumnos\/as que asistan al comedor necesitan:<\/p>\n<ol>\n<li>a) Cepillo de dientes y pasta peque\u00f1a CON NOMBRE en una bolsita. o estuche bien identificado.<\/li>\n<\/ol>\n<p>b)Almohada peque\u00f1a (no mayor de 30 x 20 cm) con nombre.<\/p>\n<ol>\n<li>c) Manta o s\u00e1bana peque\u00f1a (estos elementos quedar\u00e1n en el Jard\u00edn y los viernes se devolver\u00e1n al hogar para lavar)<\/li>\n<li>d) Pueden traer un mu\u00f1eco de apego peque\u00f1o que los acompa\u00f1ar\u00e1 durante el mediod\u00eda. Les solicitamos, por favor, colocarle nombre en un lugar visible y que no contenga piezas peque\u00f1as.<\/li>\n<li>e) Una muda de ropa completa para utilizar en caso de que se ensucien durante este momento. Todo con<\/li>\n<\/ol>\n<p>nombre bien visible (short, pantal\u00f3n, remera manga corta, ropa interior, medias).<\/p>\n<p>El Jard\u00edn proveer\u00e1 una bolsa para fomentar el cuidado y traslado de estos elementos cada semana.<\/p>\n<ul>\n<li><strong> <\/strong><strong><u>ASISTENCIA:<\/u><\/strong><\/li>\n<\/ul>\n<p>Con el prop\u00f3sito de lograr \u00f3ptimas experiencias de aprendizaje en las cuales el alumno desempe\u00f1e un rol activo, es muy importante que el ni\u00f1o o la ni\u00f1a asista al Jard\u00edn todos los d\u00edas, cuidando adem\u00e1s la puntualidad.<\/p>\n<p>Las inasistencias deben ser justificadas por los progenitores explicando el motivo de las mismas.<\/p>\n<ul><\/ul>\n<p>[\/et_pb_text][et_pb_text _builder_version=\u00bb4.22.2&#8243; _module_preset=\u00bbdefault\u00bb text_text_color=\u00bb#000000&#8243; background_color=\u00bbgcid-f3b08c89-0f98-4e13-830b-14db0f244a60&#8243; custom_padding=\u00bb20px|20px|20px|20px|true|true\u00bb hover_enabled=\u00bb0&#8243; global_colors_info=\u00bb{%22gcid-f3b08c89-0f98-4e13-830b-14db0f244a60%22:%91%22background_color%22%93}\u00bb sticky_enabled=\u00bb0&#8243;]<\/p>\n<p><strong>Enfermedades:<br \/><\/strong><\/p>\n<p>Siempre atentos a la salud de nuestro alumnado, informamos a las familias que no podr\u00e1n permanecer en el Jard\u00edn aquellos ni\u00f1os\/as que presenten fiebre, conjuntivitis, v\u00f3mitos, diarrea o s\u00edntomas de reacciones eruptivas o virales.<\/p>\n<p>Asimismo, en caso que su hijo\/a padezca alguna enfermedad infecto-contagiosa, una vez confirmado el diagn\u00f3stico, es responsabilidad de las familias informar al Jard\u00edn a fin de tomar las medidas profil\u00e1cticas pertinentes.<\/p>\n<p>Luego de ausentarse o retirarse del Jard\u00edn con cuadros infectocontagiosos (enfermedades eruptivas, gastroenteritis, conjuntivitis) <strong>es condici\u00f3n<u> indispensable<\/u> presentar el<u> certificado m\u00e9dico de alta<\/u> para reintegrarse.<\/strong><\/p>\n<p>[\/et_pb_text][et_pb_text _builder_version=\u00bb4.22.2&#8243; _module_preset=\u00bbdefault\u00bb text_font=\u00bbOpen Sans||||||||\u00bb text_text_color=\u00bb#000000&#8243; text_line_height=\u00bb1.5em\u00bb custom_margin=\u00bb||20px||false|false\u00bb hover_enabled=\u00bb0&#8243; global_colors_info=\u00bb{}\u00bb sticky_enabled=\u00bb0&#8243;]<\/p>\n<ul>\n<li><strong><u> ACCIDENTES EN EL HOGAR<\/u> <\/strong><\/li>\n<\/ul>\n<p>Si por alg\u00fan accidente en el hogar el ni\u00f1o ha requerido tratamiento espec\u00edfico, curaci\u00f3n, sutura o yeso es muy importante que los progenitores informen a los docentes de lo sucedido al ingresar al Jard\u00edn. S\u00f3lo podr\u00e1 asistir con el <strong><u>aval escrito del m\u00e9dico interviniente.<\/u> <\/strong><\/p>\n<p>Si al momento del ingreso se observa alguna lesi\u00f3n en el alumno o la alumna que no haya sido comentada por la familia, la preceptora se comunicar\u00e1 de manera inmediata con alguno de los progenitores para conocer las causas de la misma.<\/p>\n<ul>\n<li><strong><u>EMERGENCIAS M\u00c9DICAS<\/u><\/strong><u>:<\/u><\/li>\n<\/ul>\n<p>Nuestra Instituci\u00f3n cuenta con la cobertura de emergencias pedi\u00e1tricas de la Unidad Coronaria M\u00f3vil de Quilmes, que es convocada inmediatamente ante cualquier incidente que as\u00ed lo requiera. Los progenitores ser\u00e1n informados del estado de salud de sus hijos y convocados en caso necesario.<\/p>\n<ul>\n<li><strong> <\/strong><strong><u>CAMPO DE DEPORTES:<\/u><\/strong><\/li>\n<\/ul>\n<p>Los ni\u00f1os asisten semanalmente al Campo de Deportes de la instituci\u00f3n, situado en la ribera de Quilmes, (Av. Cervantes 1445) para realizar actividades de educaci\u00f3n f\u00edsica y contacto con la naturaleza en compa\u00f1\u00eda de sus docentes.. El traslado se realiza en transportes escolares que cumplen con la normativa vigente.<\/p>\n<p>Para los d\u00edas de asistencia al Campo de Deportes recomendamos que la merienda o colaci\u00f3n consista de alimentos saludables acordes a la actividad f\u00edsica realizada por los ni\u00f1os. Sugerimos abstenerse de enviar alimentos que necesiten refrigeraci\u00f3n (postres, yogurt, etc.) o con valores excesivos de sal, grasas saturadas o az\u00facares.<\/p>\n<ul>\n<li><strong><u> MICROS ESCOLARES:<\/u> <\/strong><\/li>\n<\/ul>\n<p>El Jard\u00edn de Infantes s\u00f3lo asume el transporte de los ni\u00f1os en micro durante el horario escolar y en actividades programadas por la escuela.<\/p>\n<p>El servicio de transporte desde el Jard\u00edn a los respectivos domicilios es realizado en forma particular por empresas no vinculadas a la instituci\u00f3n y contratadas directamente por los progenitores. Para que sus hijo\/as sean retirados por agentes de estas empresas, se solicita completar la autorizaci\u00f3n correspondiente.<\/p>\n<ul>\n<li><strong><u> SEGUIMIENTO DEL ALUMNO:<\/u> <\/strong><\/li>\n<\/ul>\n<p>El desarrollo y la evoluci\u00f3n del aprendizaje de los alumno\/as ser\u00e1n evaluados y consignados individualmente por los docentes.<\/p>\n<p>Ante la necesidad de ayudar al alumno\/a en sus experiencias de aprendizaje se podr\u00e1 dar intervenci\u00f3n al Equipo de Orientaci\u00f3n Escolar. Si este evaluara la pertinencia de efectuar consultas con profesionales externos, se solicitar\u00e1 constancia de las mismas.<\/p>\n<p>El Equipo Orientador podr\u00e1 comunicarse con dichos profesionales para acordar acciones pedag\u00f3gicas conjuntas y as\u00ed favorecer el desarrollo integral de los ni\u00f1os\/as.<\/p>\n<p>Para optimizar la calidad educativa de nuestro servicio, y velando por el mejor desenvolvimiento y conducta de los alumnos, los grupos podr\u00e1n reorganizarse seg\u00fan criterio de la escuela.<\/p>\n<ul>\n<li><strong> <\/strong><strong><u>PUBLICACI\u00d3N DE IM\u00c1GENES DE ALUMNOS:<\/u><\/strong><\/li>\n<\/ul>\n<p>De acuerdo con lo regulado por las leyes 1\/1982 y 15\/1999 sobre la propia imagen e intimidad personal y protecci\u00f3n de datos se solicita autorizaci\u00f3n escrita para utilizar las im\u00e1genes que surgen del quehacer escolar. Esta autorizaci\u00f3n se consigna en un formulario de la Direcci\u00f3n General de Cultura y Educaci\u00f3n de la Pcia de Bs.As. que el Jard\u00edn env\u00eda a la familia.<\/p>\n<ul>\n<li><strong><u> ESTACIONAMIENTO:<\/u> <\/strong><\/li>\n<\/ul>\n<p>Solicitamos respetar los sectores asignados al transporte escolar delimitados con l\u00edneas amarillas. Recomendamos estacionar correctamente para retirar a los ni\u00f1os del Jard\u00edn en forma segura y evitar complicaciones de tr\u00e1nsito. Los docentes <strong><u>no<\/u> <\/strong>acercar\u00e1n a los alumnos a los veh\u00edculos particulares.<\/p>\n<p><strong>El cumplimiento de estas normas facilita el diario desarrollo de las actividades que el Jard\u00edn organiza para el alumnado. Ante cualquier duda que surja al respecto, no dude en consultar al personal del establecimiento.<\/strong><\/p>\n<p>[\/et_pb_text][et_pb_button button_url=\u00bbhttps:\/\/www.qhs.com.ar\/web\/wp-content\/uploads\/jardin-normas.pdf\u00bb url_new_window=\u00bbon\u00bb button_text=\u00bbDescargar pdf\u00bb _builder_version=\u00bb4.18.0&#8243; _module_preset=\u00bbdefault\u00bb custom_button=\u00bbon\u00bb button_text_size=\u00bb16px\u00bb button_text_color=\u00bb#FFFFFF\u00bb button_bg_color=\u00bbgcid-51c228db-bf35-4437-87b7-906a6b6a9585&#8243; button_border_width=\u00bb0px\u00bb button_border_color=\u00bbRGBA(255,255,255,0)\u00bb button_border_radius=\u00bb10px\u00bb button_font=\u00bbOpen Sans|||on|||||\u00bb button_icon=\u00bb&#xf1c1;||fa||400&#8243; position_origin_a=\u00bbbottom_right\u00bb position_origin_f=\u00bbbottom_right\u00bb position_origin_r=\u00bbbottom_left\u00bb custom_margin=\u00bb50px||||false|false\u00bb custom_padding=\u00bb10px|25px|10px|25px|true|false\u00bb global_colors_info=\u00bb{%22gcid-51c228db-bf35-4437-87b7-906a6b6a9585%22:%91%22button_bg_color%22%93,%22gcid-b92f950a-db32-4993-be09-4910f44b1245%22:%91%22button_bg_color__hover%22%93}\u00bb button_bg_color__hover_enabled=\u00bbon|hover\u00bb button_bg_color__hover=\u00bb#5e5e5e\u00bb button_bg_enable_color__hover=\u00bbon\u00bb custom_padding__hover_enabled=\u00bbon|hover\u00bb custom_padding__hover=\u00bb10px|40px|10px|25px|true|false\u00bb][\/et_pb_button][\/et_pb_column][\/et_pb_row][\/et_pb_section]<\/p>\n","protected":false},"excerpt":{"rendered":"<p>Jard\u00edn de InfantesNormas de Funcionamiento y Acuerdos de ConvivenciaHorarios: Turno ma\u00f1ana: 7.45 a 11.45 Turno tarde: 13.50 a 16.30 Calendario especial : De acuerdo con el calendario especial de las escuelas biling\u00fces reconocidas, las actividades pedag\u00f3gicas tendr\u00e1n un receso durante una semana del mes de septiembre (en 2024 ser\u00e1n del 16 al 20 de ese [&hellip;]<\/p>\n","protected":false},"author":2,"featured_media":0,"parent":0,"menu_order":0,"comment_status":"closed","ping_status":"closed","template":"","meta":{"_et_pb_use_builder":"on","_et_pb_old_content":"","_et_gb_content_width":"","footnotes":""},"class_list":["post-750","page","type-page","status-publish","hentry"],"_links":{"self":[{"href":"https:\/\/www.qhs.com.ar\/web\/index.php\/wp-json\/wp\/v2\/pages\/750","targetHints":{"allow":["GET"]}}],"collection":[{"href":"https:\/\/www.qhs.com.ar\/web\/index.php\/wp-json\/wp\/v2\/pages"}],"about":[{"href":"https:\/\/www.qhs.com.ar\/web\/index.php\/wp-json\/wp\/v2\/types\/page"}],"author":[{"embeddable":true,"href":"https:\/\/www.qhs.com.ar\/web\/index.php\/wp-json\/wp\/v2\/users\/2"}],"replies":[{"embeddable":true,"href":"https:\/\/www.qhs.com.ar\/web\/index.php\/wp-json\/wp\/v2\/comments?post=750"}],"version-history":[{"count":23,"href":"https:\/\/www.qhs.com.ar\/web\/index.php\/wp-json\/wp\/v2\/pages\/750\/revisions"}],"predecessor-version":[{"id":2377,"href":"https:\/\/www.qhs.com.ar\/web\/index.php\/wp-json\/wp\/v2\/pages\/750\/revisions\/2377"}],"wp:attachment":[{"href":"https:\/\/www.qhs.com.ar\/web\/index.php\/wp-json\/wp\/v2\/media?parent=750"}],"curies":[{"name":"wp","href":"https:\/\/api.w.org\/{rel}","templated":true}]}}