{"id":725,"date":"2022-08-01T11:22:38","date_gmt":"2022-08-01T14:22:38","guid":{"rendered":"http:\/\/www.qhs.com.ar\/web\/?page_id=725"},"modified":"2022-09-08T19:49:31","modified_gmt":"2022-09-08T22:49:31","slug":"acerca-del-jardin-maternal","status":"publish","type":"page","link":"https:\/\/www.qhs.com.ar\/web\/index.php\/acerca-del-jardin-maternal\/","title":{"rendered":"Acerca del Jard\u00edn Maternal"},"content":{"rendered":"<p>[et_pb_section fb_built=\u00bb1&#8243; _builder_version=\u00bb4.17.4&#8243; _module_preset=\u00bbdefault\u00bb background_color=\u00bbrgba(0,69,22,0.87)\u00bb background_image=\u00bbhttps:\/\/www.qhs.com.ar\/web\/wp-content\/uploads\/campo-de-deportes-home.jpg\u00bb background_blend=\u00bbmultiply\u00bb global_colors_info=\u00bb{}\u00bb][et_pb_row _builder_version=\u00bb4.17.4&#8243; _module_preset=\u00bbdefault\u00bb width=\u00bb90%\u00bb max_width=\u00bb100%\u00bb global_colors_info=\u00bb{}\u00bb][et_pb_column type=\u00bb4_4&#8243; _builder_version=\u00bb4.17.4&#8243; _module_preset=\u00bbdefault\u00bb global_colors_info=\u00bb{}\u00bb][et_pb_text _builder_version=\u00bb4.17.6&#8243; _module_preset=\u00bbdefault\u00bb text_font=\u00bbOpen Sans|700|||||||\u00bb text_text_color=\u00bb#FFFFFF\u00bb text_font_size=\u00bb40px\u00bb text_orientation=\u00bbcenter\u00bb custom_margin=\u00bb||20px||false|false\u00bb custom_padding=\u00bb||||false|false\u00bb global_colors_info=\u00bb{}\u00bb]<\/p>\n<p>Jard\u00edn Maternal<\/p>\n<p>[\/et_pb_text][\/et_pb_column][\/et_pb_row][\/et_pb_section][et_pb_section fb_built=\u00bb1&#8243; _builder_version=\u00bb4.17.4&#8243; _module_preset=\u00bbdefault\u00bb z_index=\u00bb50&#8243; custom_margin=\u00bb0px||17px||false|false\u00bb custom_padding=\u00bb60px||0px||false|false\u00bb hover_enabled=\u00bb0&#8243; global_colors_info=\u00bb{}\u00bb sticky_enabled=\u00bb0&#8243;][et_pb_row _builder_version=\u00bb4.17.4&#8243; _module_preset=\u00bbdefault\u00bb max_width=\u00bb100%\u00bb custom_padding=\u00bb0px||0px||true|false\u00bb global_colors_info=\u00bb{}\u00bb][et_pb_column type=\u00bb4_4&#8243; _builder_version=\u00bb4.17.4&#8243; _module_preset=\u00bbdefault\u00bb global_colors_info=\u00bb{}\u00bb][et_pb_text _builder_version=\u00bb4.18.0&#8243; _module_preset=\u00bbdefault\u00bb text_font=\u00bbOpen Sans|700|||||||\u00bb text_text_color=\u00bbgcid-51c228db-bf35-4437-87b7-906a6b6a9585&#8243; text_font_size=\u00bb28px\u00bb custom_margin=\u00bb||30px||false|false\u00bb custom_padding=\u00bb0px||0px||true|false\u00bb hover_enabled=\u00bb0&#8243; global_colors_info=\u00bb{%22gcid-51c228db-bf35-4437-87b7-906a6b6a9585%22:%91%22text_text_color%22%93}\u00bb text_line_height=\u00bb32px\u00bb sticky_enabled=\u00bb0&#8243; custom_margin_last_edited=\u00bbon|phone\u00bb custom_margin_phone=\u00bb||10px||false|false\u00bb custom_margin_tablet=\u00bb||30px||false|false\u00bb]<\/p>\n<p>Acerca del Jard\u00edn Maternal<\/p>\n<p>[\/et_pb_text][\/et_pb_column][\/et_pb_row][et_pb_row column_structure=\u00bb3_5,2_5&#8243; _builder_version=\u00bb4.17.6&#8243; _module_preset=\u00bbdefault\u00bb max_width=\u00bb90%\u00bb custom_padding=\u00bb10px||50px||false|false\u00bb border_width_bottom=\u00bb2px\u00bb border_color_bottom=\u00bbgcid-51c228db-bf35-4437-87b7-906a6b6a9585&#8243; border_style_bottom=\u00bbdashed\u00bb global_colors_info=\u00bb{%22gcid-51c228db-bf35-4437-87b7-906a6b6a9585%22:%91%22border_color_bottom%22%93}\u00bb][et_pb_column type=\u00bb3_5&#8243; _builder_version=\u00bb4.17.6&#8243; _module_preset=\u00bbdefault\u00bb global_colors_info=\u00bb{}\u00bb][et_pb_text _builder_version=\u00bb4.18.0&#8243; _module_preset=\u00bbdefault\u00bb text_font=\u00bbOpen Sans||||||||\u00bb text_text_color=\u00bb#000000&#8243; text_line_height=\u00bb1.5em\u00bb custom_margin=\u00bb||20px||false|false\u00bb hover_enabled=\u00bb0&#8243; global_colors_info=\u00bb{}\u00bb custom_margin_last_edited=\u00bbon|phone\u00bb custom_margin_phone=\u00bb||0px||false|false\u00bb sticky_enabled=\u00bb0&#8243; custom_margin_tablet=\u00bb||20px||false|false\u00bb]<\/p>\n<p>Tal como se\u00f1ala el escudo de la Instituci\u00f3n, a trav\u00e9s de generaciones nuestra pr\u00e1ctica educativa se basa en \u201cel esfuerzo por superarse constantemente\u201d, a fin de desarrollar al m\u00e1ximo las posibilidades de los alumnos, tanto en el plano humano como en el acad\u00e9mico, tanto en las materias curriculares como en las m\u00faltiples actividades art\u00edsticas y sociales que se ofrecen dentro y fuera de las aulas.<\/p>\n<p>Se busca un desarrollo integrado y equilibrado, para que el alumno fortalezca su autoestima a partir de un real conocimiento de s\u00ed mismo.<\/p>\n<p>La conducta del alumno dentro y fuera del Establecimiento, debe caracterizarse por el respeto, la tolerancia y la conciencia de sus responsabilidades ante la sociedad en que vive.<\/p>\n<p>[\/et_pb_text][\/et_pb_column][et_pb_column type=\u00bb2_5&#8243; _builder_version=\u00bb4.17.6&#8243; _module_preset=\u00bbdefault\u00bb global_colors_info=\u00bb{}\u00bb][et_pb_image src=\u00bbhttps:\/\/www.qhs.com.ar\/web\/wp-content\/uploads\/escudo-grande.png\u00bb align=\u00bbcenter\u00bb _builder_version=\u00bb4.18.0&#8243; _module_preset=\u00bbdefault\u00bb width=\u00bb33%\u00bb module_alignment=\u00bbcenter\u00bb custom_margin=\u00bb0px||10px||false|false\u00bb custom_padding=\u00bb0px||0px||true|false\u00bb hover_enabled=\u00bb0&#8243; global_colors_info=\u00bb{}\u00bb width_last_edited=\u00bbon|phone\u00bb width_phone=\u00bb38%\u00bb sticky_enabled=\u00bb0&#8243; width_tablet=\u00bb33%\u00bb][\/et_pb_image][et_pb_text _builder_version=\u00bb4.17.6&#8243; _module_preset=\u00bbdefault\u00bb text_font=\u00bb|700|on||||||\u00bb text_text_color=\u00bbgcid-51c228db-bf35-4437-87b7-906a6b6a9585&#8243; text_font_size=\u00bb20px\u00bb text_orientation=\u00bbcenter\u00bb global_colors_info=\u00bb{%22gcid-51c228db-bf35-4437-87b7-906a6b6a9585%22:%91%22text_text_color%22%93}\u00bb]Sin esfuerzo, nada[\/et_pb_text][\/et_pb_column][\/et_pb_row][et_pb_row _builder_version=\u00bb4.18.0&#8243; _module_preset=\u00bbdefault\u00bb max_width=\u00bb90%\u00bb custom_margin=\u00bb28px|auto||auto|false|false\u00bb custom_padding=\u00bb||0px||false|false\u00bb hover_enabled=\u00bb0&#8243; border_color_bottom=\u00bbgcid-51c228db-bf35-4437-87b7-906a6b6a9585&#8243; border_style_bottom=\u00bbdashed\u00bb global_colors_info=\u00bb{%22gcid-51c228db-bf35-4437-87b7-906a6b6a9585%22:%91%22border_color_bottom%22%93}\u00bb custom_margin_last_edited=\u00bbon|phone\u00bb custom_margin_phone=\u00bb10px|auto||auto|false|false\u00bb sticky_enabled=\u00bb0&#8243; custom_margin_tablet=\u00bb28px|auto||auto|false|false\u00bb][et_pb_column type=\u00bb4_4&#8243; _builder_version=\u00bb4.17.6&#8243; _module_preset=\u00bbdefault\u00bb global_colors_info=\u00bb{}\u00bb][et_pb_text _builder_version=\u00bb4.18.0&#8243; _module_preset=\u00bbdefault\u00bb text_font=\u00bbOpen Sans|700|on||||||\u00bb text_text_color=\u00bbgcid-51c228db-bf35-4437-87b7-906a6b6a9585&#8243; text_font_size=\u00bb24px\u00bb custom_margin=\u00bb||30px||false|false\u00bb custom_padding=\u00bb0px||0px||true|false\u00bb hover_enabled=\u00bb0&#8243; global_colors_info=\u00bb{%22gcid-51c228db-bf35-4437-87b7-906a6b6a9585%22:%91%22text_text_color%22%93}\u00bb text_line_height_last_edited=\u00bbon|phone\u00bb text_line_height_phone=\u00bb28px\u00bb sticky_enabled=\u00bb0&#8243;]<\/p>\n<p>Prop\u00f3sitos del Nivel Inicial<\/p>\n<p>[\/et_pb_text][et_pb_text _builder_version=\u00bb4.17.6&#8243; _module_preset=\u00bbdefault\u00bb text_font=\u00bbOpen Sans||||||||\u00bb text_text_color=\u00bb#000000&#8243; text_line_height=\u00bb1.5em\u00bb custom_margin=\u00bb||||false|false\u00bb global_colors_info=\u00bb{}\u00bb]<\/p>\n<ul>\n<li>Compartir con la familia la tarea de educar al ni\u00f1o asegurando espacios para su participaci\u00f3n en la Instituci\u00f3n.<\/li>\n<li>Cultivar y desarrollar actitudes de aprendizaje: Ense\u00f1ar a observar, fomentar la creatividad, desarrollar la imaginaci\u00f3n.<\/li>\n<li>Desarrollar a trav\u00e9s de situaciones l\u00fadicas problematizadoras y concretas de car\u00e1cter significativo el proceso de ense\u00f1anza aprendizaje, proponiendo actividades organizadas que posibiliten a actuaci\u00f3n espont\u00e1nea y natural para lograr ni\u00f1os curiosos, activos e investigadores.<\/li>\n<li>Lograr que el alumno asuma con responsabilidad sus actos para que se conduzca con disciplina, orden y respeto.<\/li>\n<li>Estimular al alumno para el logro en el aprendizaje del idioma Ingl\u00e9s, a trav\u00e9s de experiencias directas y variadas actividades.<\/li>\n<li>Crear un espacio placentero que propicie vivenciar experiencias de aprendizaje con alegr\u00eda.<\/li>\n<li>Promover las actividades que favorezcan las actitudes solidarias y de respeto con pares y adultos.<\/li>\n<\/ul>\n<p>[\/et_pb_text][\/et_pb_column][\/et_pb_row][et_pb_row _builder_version=\u00bb4.18.0&#8243; _module_preset=\u00bbdefault\u00bb max_width=\u00bb90%\u00bb custom_margin=\u00bb28px|auto||auto|false|false\u00bb custom_padding=\u00bb||||false|false\u00bb hover_enabled=\u00bb0&#8243; border_width_bottom=\u00bb2px\u00bb border_color_bottom=\u00bbgcid-51c228db-bf35-4437-87b7-906a6b6a9585&#8243; border_style_bottom=\u00bbdashed\u00bb global_colors_info=\u00bb{%22gcid-51c228db-bf35-4437-87b7-906a6b6a9585%22:%91%22border_color_bottom%22%93}\u00bb custom_margin_last_edited=\u00bbon|phone\u00bb custom_margin_phone=\u00bb0px||||false|false\u00bb sticky_enabled=\u00bb0&#8243; custom_margin_tablet=\u00bb28px|auto||auto|false|false\u00bb][et_pb_column type=\u00bb4_4&#8243; _builder_version=\u00bb4.17.6&#8243; _module_preset=\u00bbdefault\u00bb global_colors_info=\u00bb{}\u00bb][et_pb_text _builder_version=\u00bb4.18.0&#8243; _module_preset=\u00bbdefault\u00bb text_font=\u00bbOpen Sans|700|on||||||\u00bb text_text_color=\u00bbgcid-51c228db-bf35-4437-87b7-906a6b6a9585&#8243; text_font_size=\u00bb24px\u00bb custom_margin=\u00bb||30px||false|false\u00bb custom_padding=\u00bb0px||0px||true|false\u00bb hover_enabled=\u00bb0&#8243; global_colors_info=\u00bb{%22gcid-51c228db-bf35-4437-87b7-906a6b6a9585%22:%91%22text_text_color%22,%22text_text_color%22%93}\u00bb text_font_size_last_edited=\u00bbon|phone\u00bb text_line_height_last_edited=\u00bbon|phone\u00bb text_line_height_phone=\u00bb28px\u00bb sticky_enabled=\u00bb0&#8243; text_font_size_tablet=\u00bb24px\u00bb text_font_size_phone=\u00bb24px\u00bb]<\/p>\n<p>Prop\u00f3sitos del Jard\u00edn Maternal<\/p>\n<p>[\/et_pb_text][et_pb_text _builder_version=\u00bb4.18.0&#8243; _module_preset=\u00bbdefault\u00bb text_font=\u00bbOpen Sans||||||||\u00bb text_text_color=\u00bb#000000&#8243; text_line_height=\u00bb1.5em\u00bb custom_margin=\u00bb||20px||false|false\u00bb hover_enabled=\u00bb0&#8243; global_colors_info=\u00bb{}\u00bb sticky_enabled=\u00bb0&#8243;]<\/p>\n<ul>\n<li>Favorecer el desarrollo de los ni\u00f1os, creando un ambiente afectivo que los contenga y les permita ir conquistando cada vez una mayor autonom\u00eda en sus acciones, con seguridad y confianza en s\u00ed mismos y en los dem\u00e1s.<\/li>\n<li>Desarrollar la tarea educativa respetando la identidad de los ni\u00f1os y consider\u00e1ndolas pautas socio- culturales propias y de sus familias.<\/li>\n<li>Organizar la actividad dando respuesta a las necesidades f\u00edsicas, afectivas, sociales, cognitivas, l\u00fadicas, expresivas de los ni\u00f1os y que al mismo tiempo los desaf\u00ede a ampliar sus posibilidades de conocimiento actuales.<\/li>\n<li>Establecer v\u00ednculos estrechos con las familias a fin de completar y apoyar sus responsabilidades en relaci\u00f3n con los ni\u00f1os.<\/li>\n<li>Asegurar la continuidad de los aprendizajes a trav\u00e9s de la articulaci\u00f3n de la tarea educativa con el ciclo posterior.<\/li>\n<\/ul>\n<p>Estos prop\u00f3sitos son logrados mediante la actualizaci\u00f3n permanente de todos los involucrados en la tarea pedag\u00f3gica, como as\u00ed tambi\u00e9n mediante el trabajo en equipo de todos los docentes, a fin de obtener una elaborada estrategia para cada ni\u00f1o, tanto en los aspectos afectivos como acad\u00e9micos.<\/p>\n<p>En s\u00edntesis, postulamos una educaci\u00f3n personalizada, constructivista, interactiva, laica, acompa\u00f1ando el desarrollo del ni\u00f1o y a los padres en el proceso de crecimiento de sus hijos a trav\u00e9s de un trabajo en equipo Hogar- Escuela.<\/p>\n<p>[\/et_pb_text][\/et_pb_column][\/et_pb_row][et_pb_row _builder_version=\u00bb4.18.0&#8243; _module_preset=\u00bbdefault\u00bb max_width=\u00bb90%\u00bb custom_margin=\u00bb30px||0px||false|false\u00bb custom_padding=\u00bb||0px||false|false\u00bb hover_enabled=\u00bb0&#8243; global_colors_info=\u00bb{}\u00bb custom_margin_last_edited=\u00bbon|phone\u00bb custom_margin_phone=\u00bb10px||||false|false\u00bb sticky_enabled=\u00bb0&#8243; custom_margin_tablet=\u00bb30px||0px||false|false\u00bb][et_pb_column type=\u00bb4_4&#8243; _builder_version=\u00bb4.17.6&#8243; _module_preset=\u00bbdefault\u00bb global_colors_info=\u00bb{}\u00bb][et_pb_text _builder_version=\u00bb4.18.0&#8243; _module_preset=\u00bbdefault\u00bb text_font=\u00bbOpen Sans|700|||||||\u00bb text_text_color=\u00bbgcid-51c228db-bf35-4437-87b7-906a6b6a9585&#8243; text_font_size=\u00bb28px\u00bb custom_margin=\u00bb||30px||false|false\u00bb custom_padding=\u00bb0px||0px||true|false\u00bb hover_enabled=\u00bb0&#8243; global_colors_info=\u00bb{%22gcid-51c228db-bf35-4437-87b7-906a6b6a9585%22:%91%22text_text_color%22%93}\u00bb sticky_enabled=\u00bb0&#8243; text_line_height=\u00bb32px\u00bb custom_margin_last_edited=\u00bbon|phone\u00bb custom_margin_phone=\u00bb||0px||false|false\u00bb custom_margin_tablet=\u00bb||30px||false|false\u00bb]<\/p>\n<p>La importancia del Jard\u00edn Maternal<\/p>\n<p>[\/et_pb_text][\/et_pb_column][\/et_pb_row][et_pb_row column_structure=\u00bb1_5,3_5,1_5&#8243; _builder_version=\u00bb4.17.6&#8243; _module_preset=\u00bbdefault\u00bb max_width=\u00bb90%\u00bb custom_margin=\u00bb17px|auto||auto|false|false\u00bb custom_padding=\u00bb0px||0px||true|false\u00bb border_color_bottom=\u00bbgcid-51c228db-bf35-4437-87b7-906a6b6a9585&#8243; border_style_bottom=\u00bbdashed\u00bb global_colors_info=\u00bb{%22gcid-51c228db-bf35-4437-87b7-906a6b6a9585%22:%91%22border_color_bottom%22%93}\u00bb][et_pb_column type=\u00bb1_5&#8243; _builder_version=\u00bb4.17.6&#8243; _module_preset=\u00bbdefault\u00bb global_colors_info=\u00bb{}\u00bb][et_pb_icon font_icon=\u00bb&#xf10d;||fa||900&#8243; icon_color=\u00bb#c9c9c9&#8243; icon_width=\u00bb48px\u00bb align=\u00bbright\u00bb _builder_version=\u00bb4.18.0&#8243; _module_preset=\u00bbdefault\u00bb hover_enabled=\u00bb0&#8243; global_colors_info=\u00bb{}\u00bb align_last_edited=\u00bbon|phone\u00bb align_phone=\u00bbleft\u00bb icon_width_last_edited=\u00bbon|phone\u00bb icon_width_phone=\u00bb40px\u00bb sticky_enabled=\u00bb0&#8243; custom_margin_last_edited=\u00bbon|phone\u00bb custom_margin_phone=\u00bb||0px||false|false\u00bb custom_padding_last_edited=\u00bbon|phone\u00bb custom_padding_phone=\u00bb||0px||false|false\u00bb align_tablet=\u00bbright\u00bb icon_width_tablet=\u00bb48px\u00bb][\/et_pb_icon][\/et_pb_column][et_pb_column type=\u00bb3_5&#8243; _builder_version=\u00bb4.17.6&#8243; _module_preset=\u00bbdefault\u00bb global_colors_info=\u00bb{}\u00bb][et_pb_text _builder_version=\u00bb4.18.0&#8243; _module_preset=\u00bbdefault\u00bb text_font=\u00bbOpen Sans||||||||\u00bb text_text_color=\u00bb#000000&#8243; text_line_height=\u00bb1.5em\u00bb module_alignment=\u00bbcenter\u00bb custom_margin=\u00bb||||true|false\u00bb hover_enabled=\u00bb0&#8243; global_colors_info=\u00bb{}\u00bb sticky_enabled=\u00bb0&#8243;]<\/p>\n<p><strong><em>El ni\u00f1o, la familia y la escuela juntos en el proceso de adaptaci\u00f3n<\/em><\/strong><\/p>\n<p>El amor de los padres -el m\u00e1s sagrado de todos los v\u00ednculos emocionales- hace sentir al ni\u00f1o el amor a la vida. Pero la esencia misma del amor materno est\u00e1 en cuidar que el ni\u00f1o crezca. Y esto significa que se aleje de sus padres.<\/p>\n<p>Dos seres que estaban unidos deben separarse y, en esta etapa, ese amor requiere la capacidad de dar todo sin desear nada salvo la felicidad del ser amado.<\/p>\n<p>S\u00f3lo los padres que realmente aman, los padres que son m\u00e1s felices dando que tomando, que est\u00e1n arraigados en su propia existencia, pueden amar y a\u00fan despu\u00e9s de la separaci\u00f3n, seguir amando.<\/p>\n<p style=\"text-align: center;\"><em><strong>Erich Fromm<\/strong><\/em><\/p>\n<p>[\/et_pb_text][\/et_pb_column][et_pb_column type=\u00bb1_5&#8243; _builder_version=\u00bb4.17.6&#8243; _module_preset=\u00bbdefault\u00bb positioning=\u00bbabsolute\u00bb position_origin_a=\u00bbbottom_right\u00bb global_colors_info=\u00bb{}\u00bb][et_pb_icon font_icon=\u00bb&#xf10e;||fa||900&#8243; icon_color=\u00bb#c9c9c9&#8243; icon_width=\u00bb48px\u00bb align=\u00bbleft\u00bb _builder_version=\u00bb4.18.0&#8243; _module_preset=\u00bbdefault\u00bb position_origin_a=\u00bbbottom_center\u00bb position_origin_r=\u00bbbottom_right\u00bb hover_enabled=\u00bb0&#8243; global_colors_info=\u00bb{}\u00bb icon_width_last_edited=\u00bbon|phone\u00bb icon_width_phone=\u00bb40px\u00bb align_last_edited=\u00bbon|phone\u00bb align_phone=\u00bbright\u00bb sticky_enabled=\u00bb0&#8243; icon_width_tablet=\u00bb48px\u00bb align_tablet=\u00bbleft\u00bb][\/et_pb_icon][\/et_pb_column][\/et_pb_row][et_pb_row _builder_version=\u00bb4.18.0&#8243; _module_preset=\u00bbdefault\u00bb max_width=\u00bb90%\u00bb custom_margin=\u00bb28px|auto||auto|false|false\u00bb custom_padding=\u00bb||||false|false\u00bb hover_enabled=\u00bb0&#8243; border_width_bottom=\u00bb2px\u00bb border_color_bottom=\u00bbgcid-51c228db-bf35-4437-87b7-906a6b6a9585&#8243; border_style_bottom=\u00bbdashed\u00bb global_colors_info=\u00bb{%22gcid-51c228db-bf35-4437-87b7-906a6b6a9585%22:%91%22border_color_bottom%22%93}\u00bb custom_margin_last_edited=\u00bbon|phone\u00bb custom_margin_phone=\u00bb0px|auto||auto|false|false\u00bb sticky_enabled=\u00bb0&#8243; custom_margin_tablet=\u00bb28px|auto||auto|false|false\u00bb][et_pb_column type=\u00bb4_4&#8243; _builder_version=\u00bb4.17.6&#8243; _module_preset=\u00bbdefault\u00bb global_colors_info=\u00bb{}\u00bb][et_pb_text _builder_version=\u00bb4.17.6&#8243; _module_preset=\u00bbdefault\u00bb text_font=\u00bbOpen Sans||||||||\u00bb text_text_color=\u00bb#000000&#8243; text_line_height=\u00bb1.5em\u00bb custom_margin=\u00bb||20px||false|false\u00bb global_colors_info=\u00bb{}\u00bb]El ingreso al Jard\u00edn Maternal es un momento fundamental para el ni\u00f1o y para los miembros de su familia ya que representa el primer lugar del Nivel Inicial pensado para estimular sus potencialidades intelectuales, motoras, emocionales y fortalecer el sistema de valores de su comunidad con intencionalidad pedag\u00f3gica, en compa\u00f1\u00eda de pares heterog\u00e9neos que se encuentran en condiciones similares.<\/p>\n<p>Poco a poco el peque\u00f1o ir\u00e1 d\u00e1ndose cuenta de lo lindo que estar con otros nenes, tener a su alcance materiales espec\u00edficamente pensados para \u00e9l y, sobre todo, descubrir el mundo jugando. Su curiosidad, su autonom\u00eda y sus deseos de aprender y crecer se despertar\u00e1n d\u00eda tras d\u00eda.<\/p>\n<p>Adem\u00e1s, el apego y la relaci\u00f3n afectiva que establecer\u00e1 con sus maestras lo ayudar\u00e1n a sentirse querido, seguro y cuidado; lo que har\u00e1 que vaya aceptando con gusto su nueva situaci\u00f3n.<\/p>\n<p>El Per\u00edodo de Inicio es sumamente importante para los chiquitos, dado que esta experiencia suele representar posteriormente los \u00abmodos\u00bb de insertarse en futuros grupos o actividades sociales.<\/p>\n<p>La adaptaci\u00f3n es un proceso que implica al ni\u00f1o separarse de sus padres y de su h\u00e1bitat y lo obliga a ligarse afectivamente a otros adultos, a algunos ni\u00f1os y a otro entorno. El mismo es tambi\u00e9n, vivido por las familias que depositan su confianza y expectativas en la instituci\u00f3n, se generan lazos vinculares que ser\u00e1n la base para acompa\u00f1ar con seguridad el ingreso de su hijo al Jard\u00edn Maternal.<\/p>\n<p>Este tiempo tan especial promueve que el ni\u00f1o se familiarice con lo ajeno y desarrolle sentimientos de confianza y pertenencia.<\/p>\n<p>Esto, que as\u00ed visto parece dif\u00edcil de lograr, se convertir\u00e1 en un proceso muy enriquecedor, si le facilitamos las cosas desde casa y en la escuela.<\/p>\n<p>Es fundamental, para garantizar el \u00e9xito de esta experiencia, respetar sus tiempos y el modo de procesarlo, que es particular en cada ni\u00f1o.[\/et_pb_text][\/et_pb_column][\/et_pb_row][et_pb_row _builder_version=\u00bb4.18.0&#8243; _module_preset=\u00bbdefault\u00bb max_width=\u00bb90%\u00bb custom_margin=\u00bb28px|auto||auto|false|false\u00bb custom_padding=\u00bb||||false|false\u00bb hover_enabled=\u00bb0&#8243; border_color_bottom=\u00bbgcid-51c228db-bf35-4437-87b7-906a6b6a9585&#8243; border_style_bottom=\u00bbdashed\u00bb global_colors_info=\u00bb{%22gcid-51c228db-bf35-4437-87b7-906a6b6a9585%22:%91%22border_color_bottom%22%93}\u00bb custom_margin_last_edited=\u00bbon|phone\u00bb custom_margin_phone=\u00bb10px|auto||auto|false|false\u00bb sticky_enabled=\u00bb0&#8243; custom_margin_tablet=\u00bb28px|auto||auto|false|false\u00bb][et_pb_column type=\u00bb4_4&#8243; _builder_version=\u00bb4.17.6&#8243; _module_preset=\u00bbdefault\u00bb global_colors_info=\u00bb{}\u00bb][et_pb_text _builder_version=\u00bb4.18.0&#8243; _module_preset=\u00bbdefault\u00bb text_font=\u00bbOpen Sans|700|||||||\u00bb text_text_color=\u00bbgcid-51c228db-bf35-4437-87b7-906a6b6a9585&#8243; text_font_size=\u00bb28px\u00bb custom_margin=\u00bb||30px||false|false\u00bb custom_padding=\u00bb0px||0px||true|false\u00bb hover_enabled=\u00bb0&#8243; global_colors_info=\u00bb{%22gcid-51c228db-bf35-4437-87b7-906a6b6a9585%22:%91%22text_text_color%22%93}\u00bb text_line_height=\u00bb32px\u00bb sticky_enabled=\u00bb0&#8243;]<\/p>\n<p>\u00bfPor qu\u00e9 elegimos el Jard\u00edn Maternal para nuestros hijos?<\/p>\n<p>[\/et_pb_text][et_pb_text _builder_version=\u00bb4.18.0&#8243; _module_preset=\u00bbdefault\u00bb text_font=\u00bbOpen Sans||||||||\u00bb text_text_color=\u00bb#000000&#8243; text_line_height=\u00bb1.5em\u00bb custom_margin=\u00bb||20px||false|false\u00bb hover_enabled=\u00bb0&#8243; global_colors_info=\u00bb{}\u00bb custom_margin_last_edited=\u00bbon|phone\u00bb custom_margin_phone=\u00bb||0px||false|false\u00bb sticky_enabled=\u00bb0&#8243; custom_margin_tablet=\u00bb||20px||false|false\u00bb]<\/p>\n<p>La infancia es un per\u00edodo en la vida del ser humano de extraordinaria importancia, es cuando se producen los mayores cambios en el crecimiento, desarrollo y constituci\u00f3n como sujeto.<\/p>\n<p>Estos son procesos graduales y continuos que no se presentan del mismo modo ni en los mismos tiempos para todos los ni\u00f1os y las ni\u00f1as. Cada uno tiene su ritmo, tiempo que los adultos debemos respetar y acompa\u00f1ar, sin forzarlos para que se apuren, ni impedir o frenar sus disposiciones.<\/p>\n<p>El Jard\u00edn Maternal cumple un rol fundamental ya que acompa\u00f1a a los ni\u00f1os en este desarrollo. Es un ambiente propicio y especializado para el cuidado, la estimulaci\u00f3n y socializaci\u00f3n de ni\u00f1os peque\u00f1os.<\/p>\n<p>Est\u00e1 preparado para recibir a los ni\u00f1os y a sus familias para compartir una tarea fundamental de crianza. Existe un fuerte compromiso en el establecimiento de rutinas y h\u00e1bitos saludables que faciliten un buen desarrollo.<\/p>\n<p>Tambi\u00e9n es un lugar para la socializaci\u00f3n, un espacio de encuentro con otros adultos y ni\u00f1os desconocidos que paulatinamente se van convirtiendo en familiares. Comienza un proceso de separaci\u00f3n e individuaci\u00f3n ya que empiezan a reconocerse como individuos separados de su mam\u00e1 para convertirse en sujetos \u00fanicos e irrepetibles. El Jard\u00edn permite el armado de nuevos v\u00ednculos afectivos, lazos que a medida que se fortalecen har\u00e1n posible que los ni\u00f1os se sientan seguros y desplieguen todo su ser.<\/p>\n<p>Es un lugar con potenciales beneficios, ya que all\u00ed, los peque\u00f1os comienzan a descubrir el mundo y sus posibilidades de acci\u00f3n a trav\u00e9s de la exploraci\u00f3n activa y de propuestas l\u00fadicas que el jard\u00edn le propone. Son actividades de juego relacionadas con los sentidos, el movimiento, los desplazamientos, la imitaci\u00f3n y el juego de roles.<\/p>\n<p>Es un ambiente que favorece y estimula la adquisici\u00f3n paulatina del lenguaje verbal, a trav\u00e9s de la realizaci\u00f3n de actividades relacionadas al lenguaje, como son: las canciones, la lectura de cuentos breves, narraci\u00f3n de im\u00e1genes grandes y coloridas, el baile, juego con t\u00edteres, interactuando con otros ni\u00f1os.<\/p>\n<p>Es por todo esto que podemos afirmar que el Jard\u00edn Maternal no es s\u00f3lo una buena opci\u00f3n cuando no tenemos con quien contar para el cuidado de los ni\u00f1os, sino tambi\u00e9n un espacio propicio para el encuentro, la contenci\u00f3n, la estimulaci\u00f3n y para que los ni\u00f1os sean felices.<\/p>\n<p>&nbsp;<\/p>\n<p style=\"text-align: center;\"><strong>Jardin Maternal Manuel Belgrano Quilmes High School<\/strong><\/p>\n<p>[\/et_pb_text][\/et_pb_column][\/et_pb_row][\/et_pb_section]<\/p>\n","protected":false},"excerpt":{"rendered":"<p>Jard\u00edn MaternalAcerca del Jard\u00edn MaternalTal como se\u00f1ala el escudo de la Instituci\u00f3n, a trav\u00e9s de generaciones nuestra pr\u00e1ctica educativa se basa en \u201cel esfuerzo por superarse constantemente\u201d, a fin de desarrollar al m\u00e1ximo las posibilidades de los alumnos, tanto en el plano humano como en el acad\u00e9mico, tanto en las materias curriculares como en las [&hellip;]<\/p>\n","protected":false},"author":2,"featured_media":0,"parent":0,"menu_order":0,"comment_status":"closed","ping_status":"closed","template":"","meta":{"_et_pb_use_builder":"on","_et_pb_old_content":"","_et_gb_content_width":"","footnotes":""},"class_list":["post-725","page","type-page","status-publish","hentry"],"_links":{"self":[{"href":"https:\/\/www.qhs.com.ar\/web\/index.php\/wp-json\/wp\/v2\/pages\/725","targetHints":{"allow":["GET"]}}],"collection":[{"href":"https:\/\/www.qhs.com.ar\/web\/index.php\/wp-json\/wp\/v2\/pages"}],"about":[{"href":"https:\/\/www.qhs.com.ar\/web\/index.php\/wp-json\/wp\/v2\/types\/page"}],"author":[{"embeddable":true,"href":"https:\/\/www.qhs.com.ar\/web\/index.php\/wp-json\/wp\/v2\/users\/2"}],"replies":[{"embeddable":true,"href":"https:\/\/www.qhs.com.ar\/web\/index.php\/wp-json\/wp\/v2\/comments?post=725"}],"version-history":[{"count":8,"href":"https:\/\/www.qhs.com.ar\/web\/index.php\/wp-json\/wp\/v2\/pages\/725\/revisions"}],"predecessor-version":[{"id":1531,"href":"https:\/\/www.qhs.com.ar\/web\/index.php\/wp-json\/wp\/v2\/pages\/725\/revisions\/1531"}],"wp:attachment":[{"href":"https:\/\/www.qhs.com.ar\/web\/index.php\/wp-json\/wp\/v2\/media?parent=725"}],"curies":[{"name":"wp","href":"https:\/\/api.w.org\/{rel}","templated":true}]}}