{"id":492,"date":"2022-07-17T23:26:02","date_gmt":"2022-07-18T02:26:02","guid":{"rendered":"http:\/\/www.qhs.com.ar\/web\/?page_id=492"},"modified":"2022-09-06T18:33:33","modified_gmt":"2022-09-06T21:33:33","slug":"nuestra-historia","status":"publish","type":"page","link":"https:\/\/www.qhs.com.ar\/web\/index.php\/nuestra-historia\/","title":{"rendered":"Nuestra Historia"},"content":{"rendered":"<p>[et_pb_section fb_built=\u00bb1&#8243; _builder_version=\u00bb4.17.4&#8243; _module_preset=\u00bbdefault\u00bb background_color=\u00bbrgba(0,69,22,0.87)\u00bb background_image=\u00bbhttps:\/\/www.qhs.com.ar\/web\/wp-content\/uploads\/campo-de-deportes-home.jpg\u00bb background_blend=\u00bbmultiply\u00bb global_colors_info=\u00bb{}\u00bb][et_pb_row _builder_version=\u00bb4.17.4&#8243; _module_preset=\u00bbdefault\u00bb width=\u00bb90%\u00bb max_width=\u00bb100%\u00bb global_colors_info=\u00bb{}\u00bb][et_pb_column type=\u00bb4_4&#8243; _builder_version=\u00bb4.17.4&#8243; _module_preset=\u00bbdefault\u00bb global_colors_info=\u00bb{}\u00bb][et_pb_text _builder_version=\u00bb4.17.6&#8243; _module_preset=\u00bbdefault\u00bb text_font=\u00bbOpen Sans|700|||||||\u00bb text_text_color=\u00bb#FFFFFF\u00bb text_font_size=\u00bb40px\u00bb text_orientation=\u00bbcenter\u00bb custom_margin=\u00bb||20px||false|false\u00bb custom_padding=\u00bb||||false|false\u00bb global_colors_info=\u00bb{}\u00bb]La Instituci\u00f3n[\/et_pb_text][\/et_pb_column][\/et_pb_row][\/et_pb_section][et_pb_section fb_built=\u00bb1&#8243; _builder_version=\u00bb4.17.4&#8243; _module_preset=\u00bbdefault\u00bb z_index=\u00bb50&#8243; custom_margin=\u00bb0px||80px||false|false\u00bb custom_padding=\u00bb60px||0px||false|false\u00bb global_colors_info=\u00bb{}\u00bb][et_pb_row _builder_version=\u00bb4.17.4&#8243; _module_preset=\u00bbdefault\u00bb max_width=\u00bb100%\u00bb custom_padding=\u00bb0px||0px||true|false\u00bb global_colors_info=\u00bb{}\u00bb][et_pb_column type=\u00bb4_4&#8243; _builder_version=\u00bb4.17.4&#8243; _module_preset=\u00bbdefault\u00bb global_colors_info=\u00bb{}\u00bb][et_pb_text _builder_version=\u00bb4.17.6&#8243; _module_preset=\u00bbdefault\u00bb text_font=\u00bbOpen Sans|700|||||||\u00bb text_text_color=\u00bbgcid-51c228db-bf35-4437-87b7-906a6b6a9585&#8243; text_font_size=\u00bb28px\u00bb custom_margin=\u00bb||30px||false|false\u00bb custom_padding=\u00bb0px||0px||true|false\u00bb global_colors_info=\u00bb{%22gcid-51c228db-bf35-4437-87b7-906a6b6a9585%22:%91%22text_text_color%22%93}\u00bb]<\/p>\n<p>Nuestra Historia<\/p>\n<p>[\/et_pb_text][\/et_pb_column][\/et_pb_row][et_pb_row column_structure=\u00bb1_2,1_2&#8243; _builder_version=\u00bb4.17.4&#8243; _module_preset=\u00bbdefault\u00bb max_width=\u00bb100%\u00bb custom_padding=\u00bb0px||0px||true|false\u00bb global_colors_info=\u00bb{}\u00bb][et_pb_column type=\u00bb1_2&#8243; _builder_version=\u00bb4.17.4&#8243; _module_preset=\u00bbdefault\u00bb global_colors_info=\u00bb{}\u00bb][et_pb_text _builder_version=\u00bb4.17.6&#8243; _module_preset=\u00bbdefault\u00bb text_font=\u00bbOpen Sans||||||||\u00bb text_text_color=\u00bb#000000&#8243; text_line_height=\u00bb1.5em\u00bb custom_margin=\u00bb||20px||false|false\u00bb global_colors_info=\u00bb{}\u00bb]El Quilmes High School es una entidad centenaria con fecundos a\u00f1os de historia, tradici\u00f3n biling\u00fce y excelencia educativa al servicio de la comunidad.<\/p>\n<p>La Argentina de 1907, a\u00f1o en que se funda el Quilmes High School, se aprestaba para celebrar el centenario de la Revoluci\u00f3n de Mayo. Era presidente Jos\u00e9 Figueroa Alcorta, en un momento de inestabilidad pol\u00edtica y conflictos sociales. Sin embargo, en los lineamientos generales, la situaci\u00f3n del pa\u00eds era pr\u00f3spera. Buenos Aires crec\u00eda, multiplicando la riqueza de los pueblos que hab\u00edan nacido a la vera del ferrocarril.<\/p>\n<p>Prosperidad econ\u00f3mica, posibilidades de educaci\u00f3n y una pol\u00edtica exterior consolidada, generaban un momento propicio en el desarrollo de un pa\u00eds todav\u00eda joven, que siguiendo ideas de iluminados como Alberdi y Sarmiento, hab\u00eda abierto las fronteras a todos los hombres que quisieran vivir en nuestro suelo.<\/p>\n<p>Ya en 1907, Quilmes hab\u00eda alcanzado cierta jerarqu\u00eda entre los pueblos al sur de Buenos Aires. El 12 de abril de 1872 hab\u00eda llegado el tendido del ferrocarril, m\u00e1s tarde el tel\u00e9grafo, el alumbrado p\u00fablico el\u00e9ctrico y el tranv\u00eda que un\u00eda Quilmes con la Capital. Prosperaba el comercio. Se establec\u00edan f\u00e1bricas y peque\u00f1os talleres artesanales e industriales. Atra\u00eddos por esas condiciones, en los a\u00f1os posteriores a la llegada del ferrocarril, se asentaron en Quilmes numerosos pobladores provenientes de Europa. Habitaban con sus familias en las quintas de los suburbios y residencias del centro. Se incorporaban a su nueva patria, deseando conservar su lengua, historia y tradiciones.[\/et_pb_text][\/et_pb_column][et_pb_column type=\u00bb1_2&#8243; _builder_version=\u00bb4.17.4&#8243; _module_preset=\u00bbdefault\u00bb global_colors_info=\u00bb{}\u00bb][et_pb_text _builder_version=\u00bb4.17.6&#8243; _module_preset=\u00bbdefault\u00bb text_font=\u00bbOpen Sans||||||||\u00bb text_text_color=\u00bb#000000&#8243; text_line_height=\u00bb1.5em\u00bb custom_margin=\u00bb||20px||false|false\u00bb global_colors_info=\u00bb{}\u00bb]<\/p>\n<p>Es en ese marco, que una educadora nacida en Roscommon, Irlanda entonces parte del Imperio Brit\u00e1nico, Miss Esther Ross (Certificate University in Arts en la Royal University of Ireland y registrada como maestra por el Board of Education, Inglaterra) funda el <strong>Quilmes High School for Girls<\/strong>, siendo sus primeras alumnas tres pupilas y dieciocho externas. Visionaria y progresista sab\u00eda que, como ahora y en cualquier \u00e9poca, la educaci\u00f3n es la herramienta fundamental para el progreso individual y colectivo.<\/p>\n<p>Que ninguna sociedad pueda ser grande y libre sin ella. De lo que se deduce de los archivos existentes, fue el 1\u00ba de marzo de 1907, que Miss Esther Ross fund\u00f3 el colegio en Alsina y Brown, Quilmes.<\/p>\n<p>Antes de esta fecha hab\u00eda en Quilmes un peque\u00f1o colegio para ni\u00f1as bajo la direcci\u00f3n de la ya fallecida Mrs. Fletcher y Miss Ross compr\u00f3 la escuela a la mencionada se\u00f1ora y la us\u00f3 como base para poder crear el Quilmes High School.<\/p>\n<p>Recorriendo la historia del ColegioEs imposible escribir sobre los primeros a\u00f1os del Quilmes High School, sin mencionar el nombre de la familia Davidson. A principios del siglo XIX lleg\u00f3 a nuestro pa\u00eds John Davidson, nativo de Escocia, quien como muchos de sus connacionales de aquel entonces buscaban nuevos horizontes en la Argentina para sus energ\u00edas y aptitudes, especialmente en lo relacionado con el agro.<\/p>\n<p>[\/et_pb_text][\/et_pb_column][\/et_pb_row][et_pb_row use_custom_gutter=\u00bbon\u00bb gutter_width=\u00bb2&#8243; _builder_version=\u00bb4.17.6&#8243; _module_preset=\u00bbdefault\u00bb max_width=\u00bb90%\u00bb global_colors_info=\u00bb{}\u00bb][et_pb_column type=\u00bb4_4&#8243; _builder_version=\u00bb4.17.6&#8243; _module_preset=\u00bbdefault\u00bb global_colors_info=\u00bb{}\u00bb][et_pb_gallery gallery_ids=\u00bb627,639,1074,643&#8243; posts_number=\u00bb10&#8243; orientation=\u00bbportrait\u00bb zoom_icon_color=\u00bb#FFFFFF\u00bb hover_overlay_color=\u00bbrgba(0,69,22,0.76)\u00bb hover_icon=\u00bb&#x54;||divi||400&#8243; module_class=\u00bbpa-image-gallery-4-3&#8243; _builder_version=\u00bb4.18.0&#8243; _module_preset=\u00bbdefault\u00bb title_font=\u00bb|700|||||||\u00bb title_text_align=\u00bbcenter\u00bb title_text_color=\u00bbgcid-51c228db-bf35-4437-87b7-906a6b6a9585&#8243; title_font_size=\u00bb14px\u00bb title_line_height=\u00bb1.4em\u00bb global_colors_info=\u00bb{%22gcid-51c228db-bf35-4437-87b7-906a6b6a9585%22:%91%22title_text_color%22%93}\u00bb][\/et_pb_gallery][\/et_pb_column][\/et_pb_row][et_pb_row column_structure=\u00bb1_2,1_2&#8243; _builder_version=\u00bb4.17.6&#8243; _module_preset=\u00bbdefault\u00bb max_width=\u00bb100%\u00bb custom_margin=\u00bb||20px||false|false\u00bb custom_padding=\u00bb0px||0px||true|false\u00bb global_colors_info=\u00bb{}\u00bb][et_pb_column type=\u00bb1_2&#8243; _builder_version=\u00bb4.17.4&#8243; _module_preset=\u00bbdefault\u00bb global_colors_info=\u00bb{}\u00bb][et_pb_text _builder_version=\u00bb4.17.6&#8243; _module_preset=\u00bbdefault\u00bb text_font=\u00bbOpen Sans||||||||\u00bb text_text_color=\u00bb#000000&#8243; text_line_height=\u00bb1.5em\u00bb custom_margin=\u00bb||20px||false|false\u00bb global_colors_info=\u00bb{}\u00bb]Tal fue su esp\u00edritu de pionero que pronto lleg\u00f3 a ser due\u00f1o de la estancia \u201cSanto Domingo\u201d, la cual formaba parte del municipio de Quilmes. Del matrimonio de John Davidson con do\u00f1a Margaret Campbell nacieron en Buenos Aires sus hijos James Davidson y William Campbell. El primero de los nombrados lleg\u00f3 a ser una figura eminente en el mundo cient\u00edfico internacional por sus trabajos de medicina, especialmente en radiolog\u00eda, raz\u00f3n por la cual se le otorg\u00f3 el rango de Caballero. A pesar de haber fijado su residencia en Inglaterra, siempre fue para Sir James Davidson un orgullo el hecho de ser argentino.<\/p>\n<p>Su hermano menor William Campbell, pas\u00f3 toda su vida en la estancia \u201cSanto Domingo\u201d, donde afectuosamente todos lo conoc\u00edan como \u201cDon Guillermo\u201d. Cuando el distrito de Florencio Varela se separ\u00f3 de la jurisdicci\u00f3n de Quilmes fue elegido como su primer Intendente.<\/p>\n<p>Fue Don Guillermo quien por su generosidad contribuy\u00f3 tan ampliamente a la fundaci\u00f3n del Quilmes High School con su actual edificio de la calle Paz 588. La escuela se traslad\u00f3 al mencionado edificio en junio de 1908; consist\u00eda entonces del \u201cMain House\u201d y tres aulas de madera.[\/et_pb_text][\/et_pb_column][et_pb_column type=\u00bb1_2&#8243; _builder_version=\u00bb4.17.4&#8243; _module_preset=\u00bbdefault\u00bb global_colors_info=\u00bb{}\u00bb][et_pb_text _builder_version=\u00bb4.17.6&#8243; _module_preset=\u00bbdefault\u00bb text_font=\u00bbOpen Sans||||||||\u00bb text_text_color=\u00bb#000000&#8243; text_line_height=\u00bb1.5em\u00bb custom_margin=\u00bb||20px||false|false\u00bb global_colors_info=\u00bb{}\u00bb]<\/p>\n<p>Ya en el 27 de junio de ese a\u00f1o se realiz\u00f3 el primer partido de hockey femenino en la Rep\u00fablica Argentina: el equipo de alumnas del<strong> Quilmes High School for Girls<\/strong> entabl\u00f3 juego contra las alumnas del Alexandre College de Belgrano y el Q.H.S for Girls labr\u00f3 historia ya que gan\u00f3 por dos tantos contra cero. A m\u00e1s de 100 a\u00f1os de aquel partido, la ciudad de Quilmes mantiene eminencia en la alta competencia conservando unos cuantos clubes en Primera Divisi\u00f3n en damas y caballeros como el Q.A.C. (el m\u00e1s campe\u00f3n en la Argentina) y el <strong>Q.H.S. Club de Hockey<\/strong>.<\/p>\n<p>En 1912 se hace cargo de la direcci\u00f3n de la Secci\u00f3n Primaria en castellano la docente Am\u00e9rica Gregorini y se comienza con la ense\u00f1anza del idioma Castellano. Permaneci\u00f3 en su cargo casi 40 a\u00f1os hasta que su propia muerte delante de los alumnos en 1950.<\/p>\n<p>Alrededor del a\u00f1o 1920 Kathleen (de 7 a\u00f1os de edad) e Hilda (de 5 a\u00f1os de edad) Gardner llegaron a Quilmes procedentes de Inglaterra. Su madre las inscribi\u00f3 en el Quilmes High School for Girls. Las dos hermanitas asistieron a la escuela vistiendo el uniforme que hab\u00edan usado para ir a la escuela en Inglaterra. Miss Ross qued\u00f3 encantada con el uniforme y le pidi\u00f3 a la Mrs. Gardner permiso para adoptar dicho uniforme, la cual accedi\u00f3 complacida. As\u00ed naci\u00f3 el conocido uniforme tan apreciado para los alumnos, exalumnos y quienes alguna vez han formado parte del colegio.<\/p>\n<p>[\/et_pb_text][\/et_pb_column][\/et_pb_row][et_pb_row use_custom_gutter=\u00bbon\u00bb gutter_width=\u00bb2&#8243; _builder_version=\u00bb4.17.6&#8243; _module_preset=\u00bbdefault\u00bb max_width=\u00bb90%\u00bb global_colors_info=\u00bb{}\u00bb][et_pb_column type=\u00bb4_4&#8243; _builder_version=\u00bb4.17.6&#8243; _module_preset=\u00bbdefault\u00bb global_colors_info=\u00bb{}\u00bb][et_pb_gallery gallery_ids=\u00bb1070,1072,1077,1079&#8243; posts_number=\u00bb10&#8243; orientation=\u00bbportrait\u00bb zoom_icon_color=\u00bb#FFFFFF\u00bb hover_overlay_color=\u00bbrgba(0,69,22,0.76)\u00bb hover_icon=\u00bb&#x54;||divi||400&#8243; module_class=\u00bbpa-image-gallery-4-3&#8243; _builder_version=\u00bb4.18.0&#8243; _module_preset=\u00bbdefault\u00bb title_font=\u00bb|700|||||||\u00bb title_text_align=\u00bbcenter\u00bb title_text_color=\u00bbgcid-51c228db-bf35-4437-87b7-906a6b6a9585&#8243; title_font_size=\u00bb14px\u00bb title_line_height=\u00bb1.4em\u00bb global_colors_info=\u00bb{%22gcid-51c228db-bf35-4437-87b7-906a6b6a9585%22:%91%22title_text_color%22,%22title_text_color%22,%22title_text_color%22%93}\u00bb][\/et_pb_gallery][\/et_pb_column][\/et_pb_row][et_pb_row column_structure=\u00bb1_2,1_2&#8243; _builder_version=\u00bb4.17.6&#8243; _module_preset=\u00bbdefault\u00bb max_width=\u00bb100%\u00bb custom_margin=\u00bb||20px||false|false\u00bb custom_padding=\u00bb0px||0px||true|false\u00bb global_colors_info=\u00bb{}\u00bb][et_pb_column type=\u00bb1_2&#8243; _builder_version=\u00bb4.17.4&#8243; _module_preset=\u00bbdefault\u00bb global_colors_info=\u00bb{}\u00bb][et_pb_text _builder_version=\u00bb4.17.6&#8243; _module_preset=\u00bbdefault\u00bb text_font=\u00bbOpen Sans||||||||\u00bb text_text_color=\u00bb#000000&#8243; text_line_height=\u00bb1.5em\u00bb custom_margin=\u00bb||20px||false|false\u00bb global_colors_info=\u00bb{}\u00bb]<\/p>\n<p>A partir de entonces las alumnas comenzaron a vestir t\u00fanica verde oscuro, camisa beige, medias beige, zapatos marrones y una corbata verde con rayas gris\u00e1ceas en diagonal. En invierno, sombrero verde de fieltro y en verano, de paja, ambos con una banda verde y su respectivo escudo.<\/p>\n<p>Por testimonios de exalumnas se estima que entre 1920 y 1925 se comenzaron a implementar los ex\u00e1menes de la Universidad de Cambridge en la Secci\u00f3n Secundaria ingl\u00e9s.<\/p>\n<p>Durante los a\u00f1os 20, Quilmes High School for Girls no era el \u00fanico colegio privado importante de Quilmes.<\/p>\n<p>La ciudad cervecera era sede de, entre algunos, el St. George\u2019s College, el Quilmes Grammar School (posteriormente St. Alban\u2019s College), el Crickewood (actualmente St. Hilda\u2019s College) y el Quilmes Preparatory School, del cual era directora Miss Dorothy Williams.<\/p>\n<p>En 1927, Don Guillermo anex\u00f3 al predio de la calle Rivadavia la manzana entera de la propiedad conocida como \u201cLa Yn\u00e9s\u201d, se construyeron dos canchas de tenis, una cancha de hockey con las medidas reglamentarias para partidos de damas, una cancha de pelota al cesto y un patio de juego.<\/p>\n<p>La casa quinta proporcionaba excelente comodidad para m\u00e1s salones de clase y dormitorios para pupilas y profesoras.<\/p>\n<p>[\/et_pb_text][\/et_pb_column][et_pb_column type=\u00bb1_2&#8243; _builder_version=\u00bb4.17.4&#8243; _module_preset=\u00bbdefault\u00bb global_colors_info=\u00bb{}\u00bb][et_pb_text _builder_version=\u00bb4.17.6&#8243; _module_preset=\u00bbdefault\u00bb text_font=\u00bbOpen Sans||||||||\u00bb text_text_color=\u00bb#000000&#8243; text_line_height=\u00bb1.5em\u00bb custom_margin=\u00bb||20px||false|false\u00bb global_colors_info=\u00bb{}\u00bb]<\/p>\n<p>A finales de 1939 se crea la British Women&#8217;s Patriotic Committee in the Argentine Republic, para contribuir al sostenimiento de las tropas aliadas. En un momento lleg\u00f3 a tener 131 guilds (asociaciones) y 14 grupos.<\/p>\n<p><strong>Quilmes cont\u00f3 con 3 representaciones del BWPC:<\/strong><\/p>\n<ul>\n<li>Quilmes and District Centre of the BWPC<\/li>\n<li>Scot Group of Quilmes and District Centre<\/li>\n<li>Quilmes High School Old Girls&#8217; Guild<\/li>\n<\/ul>\n<p>A\u00fan se conserva la informaci\u00f3n sobre los cargos de la comisi\u00f3n: chairman: Mrs. H. L. Benedict, secretary: Mrs. L. Dick, treasurer: Mrs. R. A. Bradley. Se indica que este guild ante la llegada de un barco de guerra brit\u00e1nico, se ha dedicado a proporcionar material de lectura y de ropa para la tripulaci\u00f3n.<\/p>\n<p>Recorriendo la historia del ColegioEn 1941 se procedi\u00f3 a construir la pileta de nataci\u00f3n en el campo de deportes.<\/p>\n<p>Despu\u00e9s que Miss Ross y Miss Ballantine se retiraran en 1943, las instalaciones de la escuela fueron compradas por Mrs. M. McGill y el colegio es administrado por el Consejo de la Comunidad Brit\u00e1nica. En ese mismo a\u00f1o se autoriz\u00f3 el funcionamiento de la Escuela Primaria Oficial y en la secci\u00f3n secundaria se imparte solamente el idioma ingl\u00e9s por lo tanto las alumnas deb\u00edan concurrir a otros colegios en el turno ma\u00f1ana para obtener el diploma de castellano.<\/p>\n<p>[\/et_pb_text][\/et_pb_column][\/et_pb_row][et_pb_row use_custom_gutter=\u00bbon\u00bb gutter_width=\u00bb2&#8243; _builder_version=\u00bb4.17.6&#8243; _module_preset=\u00bbdefault\u00bb max_width=\u00bb90%\u00bb global_colors_info=\u00bb{}\u00bb][et_pb_column type=\u00bb4_4&#8243; _builder_version=\u00bb4.17.6&#8243; _module_preset=\u00bbdefault\u00bb global_colors_info=\u00bb{}\u00bb][et_pb_gallery gallery_ids=\u00bb1082,1083,1084,1085&#8243; posts_number=\u00bb10&#8243; orientation=\u00bbportrait\u00bb zoom_icon_color=\u00bb#FFFFFF\u00bb hover_overlay_color=\u00bbrgba(0,69,22,0.76)\u00bb hover_icon=\u00bb&#x54;||divi||400&#8243; module_class=\u00bbpa-image-gallery-4-3&#8243; _builder_version=\u00bb4.18.0&#8243; _module_preset=\u00bbdefault\u00bb title_font=\u00bb|700|||||||\u00bb title_text_align=\u00bbcenter\u00bb title_text_color=\u00bbgcid-51c228db-bf35-4437-87b7-906a6b6a9585&#8243; title_font_size=\u00bb14px\u00bb title_line_height=\u00bb1.4em\u00bb global_colors_info=\u00bb{%22gcid-51c228db-bf35-4437-87b7-906a6b6a9585%22:%91%22title_text_color%22%93}\u00bb][\/et_pb_gallery][\/et_pb_column][\/et_pb_row][et_pb_row column_structure=\u00bb1_2,1_2&#8243; _builder_version=\u00bb4.17.6&#8243; _module_preset=\u00bbdefault\u00bb max_width=\u00bb100%\u00bb custom_margin=\u00bb||20px||false|false\u00bb custom_padding=\u00bb0px||0px||true|false\u00bb global_colors_info=\u00bb{}\u00bb][et_pb_column type=\u00bb1_2&#8243; _builder_version=\u00bb4.17.4&#8243; _module_preset=\u00bbdefault\u00bb global_colors_info=\u00bb{}\u00bb][et_pb_text _builder_version=\u00bb4.17.6&#8243; _module_preset=\u00bbdefault\u00bb text_font=\u00bbOpen Sans||||||||\u00bb text_text_color=\u00bb#000000&#8243; text_line_height=\u00bb1.5em\u00bb custom_margin=\u00bb||20px||false|false\u00bb global_colors_info=\u00bb{}\u00bb]<\/p>\n<p>El Quilmes High School for Girls no solo apoyaba a los aliados en plena guerra mundial, tambi\u00e9n socorr\u00eda a compatriotas argentinos en enero de 1944 con ocasi\u00f3n del terrible terremoto de San Juan. El colegio acude en ayuda de los damnificados a trav\u00e9s del British Women&#8217;s Patriotic Committee in the Argentine Republic que contribuye con material sanitario y alimentos.<\/p>\n<p>Al otro a\u00f1o, 1945, el Quilmes High School for Girls dio un paso hist\u00f3rico: incorpora alumnos varones en la primaria. Desde entonces el colegio es conocido como <strong>Quilmes High School<\/strong> a secas.<\/p>\n<p>Cuando en 1947, Mrs. McGill dejara nuestro pa\u00eds junto con su marido para radicarse en Inglaterra, la escuela, excluyendo la propiedad, fue comprada por el Consejo de la Comunidad Brit\u00e1nica y Miss H. Nelson fue contratada como directora. Continu\u00f3 bajo el Directorio designado por el Consejo hasta 1952, cuando Miss E. J .S. Mc Kinley, quien hab\u00eda venido de Inglaterra como directora contratada en 1950, compra el total del colegio.<\/p>\n<p>En 1950 la directora de la Secci\u00f3n Castellano Gregorini, a quien siempre se recordar\u00e1 con afecto, falleci\u00f3 en pleno acto de inicio del ciclo lectivo ante la may\u00fascula sorpresa de todo el mundo ah\u00ed presente. Fue entonces designada en su reemplazo la Sra. Mar\u00eda Esther Llull.<\/p>\n<p>Durante el a\u00f1o 1956 Mr. Vivian C. Ryder (posteriormente Reverendo), quien hab\u00eda sido administrador y m\u00e1s tarde maestro de m\u00fasica en el St. George\u2019s College desde 1948, junto con su se\u00f1ora esposa se asociaron a Miss Mc. Kinley y continuaron con la labor comprendida a\u00f1os antes. En ocasi\u00f3n de las bodas de oro del Quilmes High School en 1957, Sir Eric Seward, K. B. E. (Knight Commander of British Empire), en nombre del vizconde Davidson y su se\u00f1ora Potter, don\u00f3 el port\u00f3n de hierro forjado de la estancia Santo Domingo, propiedad familiar en Florencio Varela. Al mismo tiempo fue donada la Guillermo Davidson Cup, para ser entregada al estudiante con mayor dedicaci\u00f3n al estudio. Poco tiempo despu\u00e9s es nombrada como Directora General de Ingl\u00e9s la Sra. Lorna Buczynska.<\/p>\n<p>[\/et_pb_text][\/et_pb_column][et_pb_column type=\u00bb1_2&#8243; _builder_version=\u00bb4.17.4&#8243; _module_preset=\u00bbdefault\u00bb global_colors_info=\u00bb{}\u00bb][et_pb_text _builder_version=\u00bb4.17.6&#8243; _module_preset=\u00bbdefault\u00bb text_font=\u00bbOpen Sans||||||||\u00bb text_text_color=\u00bb#000000&#8243; text_line_height=\u00bb1.5em\u00bb custom_margin=\u00bb||20px||false|false\u00bb global_colors_info=\u00bb{}\u00bb]<\/p>\n<p>El a\u00f1o de 1958 traj\u00f3 cambios: fallece la directora de la Secci\u00f3n Primaria castellano, Mar\u00eda Esther Llull debiendo asumir en su lugar Martha Albaytero de Linera ejerci\u00e9ndolo hasta 1982. Se incorpora Preparatory en el turno tarde para ni\u00f1os de 5 a\u00f1os.<\/p>\n<p>En 1962 y gracias a la iniciativa de la Sra. de Linera se crea la Secci\u00f3n Secundaria de castellano bajo el nombre de \u201cInstituto Manuel Belgrano\u201d otorgando el t\u00edtulo de Perito Mercantil a sus futuros egresados y siendo su primera rectora la Srta. N\u00e9lida Berbeni de Volpi.<\/p>\n<p>Es muy gratificante acotar que en el sexagenario aniversario, de los 21 estudiantes de 1907 que recib\u00edan su educaci\u00f3n solamente en ingl\u00e9s, la escuela pas\u00f3 al n\u00famero record de 340 alumnos que recibieron educaci\u00f3n primaria y secundaria comercial en castellano y a quienes tambi\u00e9n se los preparaba para los ex\u00e1menes externos de la Universidad de Cambridge en Inglaterra.<\/p>\n<p>En 1967 Miss Mc Kinley se retir\u00f3 y el Reverendo Vivian C. Ryder a trav\u00e9s de una sociedad en comandita por acciones continu\u00f3 con los trabajos comenzados a\u00f1os antes.<\/p>\n<p>El a\u00f1o 1973 fue un a\u00f1o realmente \u00e1lgido para nuestro pa\u00eds y por ende para nuestra escuela.<\/p>\n<p>Muy graves problemas econ\u00f3micos hacen pr\u00e1cticamente imposible seguir adelante. Mr. Ryder decidi\u00f3 el cierre del Quilmes High School y convoc\u00f3 al personal entero el 28 de diciembre para tratar de encontrar una soluci\u00f3n.<\/p>\n<p>En esa reuni\u00f3n, Mr. Ryder manifiesta que no quiere ser \u00e9l, la persona que sea conocida como el que cerr\u00f3 el Quilmes High School. No puede asumir el pago de sueldos e impuestos. Pide sentidamente una soluci\u00f3n al personal.<\/p>\n<p>[\/et_pb_text][\/et_pb_column][\/et_pb_row][et_pb_row use_custom_gutter=\u00bbon\u00bb gutter_width=\u00bb2&#8243; _builder_version=\u00bb4.18.0&#8243; _module_preset=\u00bbdefault\u00bb max_width=\u00bb90%\u00bb custom_margin=\u00bb0px||30px||false|false\u00bb hover_enabled=\u00bb0&#8243; global_colors_info=\u00bb{}\u00bb custom_margin_last_edited=\u00bbon|phone\u00bb custom_margin_phone=\u00bb0px||0px||false|false\u00bb sticky_enabled=\u00bb0&#8243; custom_margin_tablet=\u00bb0px||30px||false|false\u00bb][et_pb_column type=\u00bb4_4&#8243; _builder_version=\u00bb4.17.6&#8243; _module_preset=\u00bbdefault\u00bb global_colors_info=\u00bb{}\u00bb][et_pb_gallery gallery_ids=\u00bb1088,1089,1090,1091&#8243; posts_number=\u00bb10&#8243; orientation=\u00bbportrait\u00bb zoom_icon_color=\u00bb#FFFFFF\u00bb hover_overlay_color=\u00bbrgba(0,69,22,0.76)\u00bb hover_icon=\u00bb&#x54;||divi||400&#8243; module_class=\u00bbpa-image-gallery-4-3&#8243; _builder_version=\u00bb4.18.0&#8243; _module_preset=\u00bbdefault\u00bb title_font=\u00bb|700|||||||\u00bb title_text_align=\u00bbcenter\u00bb title_text_color=\u00bbgcid-51c228db-bf35-4437-87b7-906a6b6a9585&#8243; title_font_size=\u00bb14px\u00bb title_line_height=\u00bb1.4em\u00bb global_colors_info=\u00bb{%22gcid-51c228db-bf35-4437-87b7-906a6b6a9585%22:%91%22title_text_color%22%93}\u00bb][\/et_pb_gallery][\/et_pb_column][\/et_pb_row][et_pb_row column_structure=\u00bb1_2,1_2&#8243; _builder_version=\u00bb4.18.0&#8243; _module_preset=\u00bbdefault\u00bb max_width=\u00bb100%\u00bb custom_margin=\u00bb||20px||false|false\u00bb custom_padding=\u00bb0px||0px||true|false\u00bb global_colors_info=\u00bb{}\u00bb][et_pb_column type=\u00bb1_2&#8243; _builder_version=\u00bb4.17.4&#8243; _module_preset=\u00bbdefault\u00bb global_colors_info=\u00bb{}\u00bb][et_pb_text _builder_version=\u00bb4.18.0&#8243; _module_preset=\u00bbdefault\u00bb text_font=\u00bbOpen Sans||||||||\u00bb text_text_color=\u00bb#000000&#8243; text_line_height=\u00bb1.5em\u00bb custom_margin=\u00bb||20px||false|false\u00bb global_colors_info=\u00bb{}\u00bb]<\/p>\n<p>Esta convocatoria tiene eco y con muchas ganas de luchar, con muchas ganas de sacar adelante esta nuestra escuela, un grupo del personal, entre las que se encuentra la se\u00f1ora de Ryder, decide formar una cooperativa. Fueron d\u00edas muy amargos, pero se trabaj\u00f3 sin descanso, hab\u00eda muchas ganas de hacer, hab\u00eda muchos padres y alumnos que esperaban de nosotros, un esfuerzo, un ejemplo.<\/p>\n<p>De estar pr\u00e1cticamente desaparecido para siempre, el colegio pas\u00f3 a tener las puertas abiertas traspasando su centenario gracias al ingente esfuerzo de las personas en aquella turbulenta d\u00e9cada.<\/p>\n<p>Recordando a la se\u00f1ora Ethel Carboni de AmayaAl a\u00f1o siguiente de la dr\u00e1matica reuni\u00f3n de Mr. Ryder con el personal, la profesora Ethel Carboni de Amaya en septiembre asumi\u00f3 la direcci\u00f3n de la Secci\u00f3n Secundaria castellano en reemplazo de la renunciante profesora Laponi. A fines del a\u00f1o el personal del colegio decidi\u00f3 la creaci\u00f3n de la Cooperativa de Trabajo Manuel Belgrano Ltda. para dar soluci\u00f3n al problema planteado por Mr. Ryder el a\u00f1o anterior.<\/p>\n<p>A\u00f1os despu\u00e9s de aquel shock, el colegio anuncia que en 1977 se lleg\u00f3 a tener 560 alumnos. Ya a partir de ese entonces el colegio no par\u00f3 m\u00e1s de crecer: entre 1977 y 1978 la Cooperativa compra la Sociedad Comandita por Acciones el inmueble de \u201cLa Yn\u00e9s\u201d, junto con el terreno que la circunda en un total de 300 metros cuadrados. Es m\u00e1s, se ampli\u00f3 el Preparatory en el turno tarde con alumnos de cuatro a\u00f1os. Se design\u00f3 como directora de la Secci\u00f3n Primaria Ingl\u00e9s a la Sra. Martha Sanz Lean.<\/p>\n<p>Tras 21 a\u00f1os de trabajo como directora de ingl\u00e9s se retira Mrs. Buczynska en 1978 asumiendo al otro a\u00f1o como directora del Secundario la Sra. Ana Maria de Kroon de Marshall. En 1979 se construye un nuevo Sal\u00f3n de Actos en el mismo lugar donde funcionaba el anterior.<\/p>\n<p>Recorriendo la historia del ColegioEn 1982 asume la vicedirecci\u00f3n de la Secci\u00f3n Primario Castellano, la docente Susana Parody quien pasar\u00eda a ser directora de la misma secci\u00f3n al otro a\u00f1o por jubilaci\u00f3n de la Sra. Martha Albaytero de Linera. La se\u00f1ora Parody continuar\u00eda en ese cargo hasta 1989 siendo su sucesora la Sra. Maria Plana de Odut.<\/p>\n<p>En 1983 se implementa el Bachillerato Nacional Biling\u00fce modalizado en Ciencias y Letras y se cre\u00f3 el antecesor del actual campo de deportes ribere\u00f1o: se compr\u00f3 un Campo de Deportes ubicado en Florencio Varela en plena pampa, el 27 de julio.<\/p>\n<p>1987 fue el a\u00f1o cuando la se\u00f1ora M\u00f3nica Kelly fue designada directora del Jard\u00edn de la secci\u00f3n castellano, se implementaron la doble escolaridad para sala de 5 a\u00f1os y la carrera de Perito Mercantil con Orientaci\u00f3n en Computaci\u00f3n.<\/p>\n<p>El a\u00f1o de 1988 dio el reconocimiento oficial del Jard\u00edn (reci\u00e9n en 1991 se obtiene el reconocimiento oficial de la Secci\u00f3n Primaria Ingl\u00e9s) y la primera promoci\u00f3n de Bachilleres Biling\u00fces.<\/p>\n<p>[\/et_pb_text][\/et_pb_column][et_pb_column type=\u00bb1_2&#8243; _builder_version=\u00bb4.18.0&#8243; _module_preset=\u00bbdefault\u00bb global_colors_info=\u00bb{}\u00bb][et_pb_text _builder_version=\u00bb4.18.0&#8243; _module_preset=\u00bbdefault\u00bb text_font=\u00bbOpen Sans||||||||\u00bb text_text_color=\u00bb#000000&#8243; text_line_height=\u00bb1.5em\u00bb custom_margin=\u00bb0px||20px||false|false\u00bb custom_padding=\u00bb0px||0px||true|false\u00bb global_colors_info=\u00bb{}\u00bb]<\/p>\n<p>El terreno en Florencio Varela fue vendido en 1991 para luego comprarse tierras frente a la ribera quilme\u00f1a para el actual Campo de Deportes, las cuales son ampliadas con compra de m\u00e1s fracciones un par de a\u00f1os despu\u00e9s.<\/p>\n<p>El a\u00f1o 1992 trajo varias novedades: se implement\u00f3 el Bachillerato Internacional en Suiza, 1992, se dio apertura a la primera sala de 3 a\u00f1os, se nombr\u00f3 a Margarita Morbitz como Directora de Ingl\u00e9s de Jard\u00edn y se implement\u00f3 la preparaci\u00f3n de ex\u00e1menes de la Universidad de Cambridge en la Secci\u00f3n Primaria P.E.T.( Preliminary English Test).<\/p>\n<p>En 1994 sali\u00f3 la primera promoci\u00f3n del Bachillerato Internacional con sede en Suiza y se cre\u00f3 la vicedirecci\u00f3n de ingl\u00e9s asumiendo dicho cargo la se\u00f1ora Gloria Seery quien ser\u00eda directora de primaria castellano en octubre de 2000 con el retiro de la se\u00f1ora Mar\u00eda Josefa Plana de Odut. En ese mismo a\u00f1o se retir\u00f3 de su cargo de directora de Secundaria la Sra. Ana Mar\u00eda de Kroon de Marshall.<\/p>\n<p>1995 vino con cambios en la secundaria: Se unifica dicha secci\u00f3n asumiendo como Director General el profesor Daniel Pauni y la se\u00f1ora Anne Charo como Vicedirectora y la se\u00f1ora Ana Macri como Rectora de Estudios.<\/p>\n<p>Se cre\u00f3 el Polimodal otorgando el t\u00edtulo de Bachiller modalizado en Econom\u00eda y Gesti\u00f3n de las Organizaciones y en Humanidades y Ciencias Sociales en 1998 y al a\u00f1o siguiente se crea la sala de 2 a\u00f1os con turnos a la ma\u00f1ana y a la tarde.<\/p>\n<p>Con la clausura del siglo XX se pone en funcionamiento la doble escolaridad para los ni\u00f1os de 3 y 4 a\u00f1os. Se crea el ciclo Maternal con edificio propio, en Rivadavia 579.<\/p>\n<p>En el amanecer del siglo nuevo, 2001, se jubil\u00f3 la Sra. Martha Sanz de Lean. Asume como directora la Sra. Gloria Seery y son las Vicedirectoras: de la secci\u00f3n castellano, la Sra. Alicia M\u00f3nica Federico y de la Secci\u00f3n ingl\u00e9s, la Sra. Mar\u00eda Teresa Saladino. Dos a\u00f1os despu\u00e9s se cre\u00f3 la direcci\u00f3n \u00fanica de Nivel Primario.<\/p>\n<p>Recorriendo la historia del ColegioSe implementa el Plan Biling\u00fce propio en 2006 en todas las secciones logrando una coherencia curricular en ambos idiomas. Desde a\u00f1os atr\u00e1s se ven\u00eda implementando las clases de Ajedrez. En este a\u00f1o se comienza con el Chess Interhouse, con gran participaci\u00f3n del alumnado.<\/p>\n<p>El Quilmes High School marcha firme conservando las tradiciones y virtudes de ayer, pero abierto a los desaf\u00edos que plantean los nuevos tiempos, cambiando permanentemente para seguir siendo el que siempre fue, el que so\u00f1\u00f3 su fundadora, el que construyeron los maestros y alumnos de ayer, el que debemos conservar y engrandecer los maestros y alumnos de hoy para que cotidianamente se repita el milagro de la ense\u00f1anza bajo la advocaci\u00f3n de nuestra lema:\u00a0<\/p>\n<p>[\/et_pb_text][et_pb_text _builder_version=\u00bb4.18.0&#8243; _module_preset=\u00bbdefault\u00bb text_font=\u00bbOpen Sans|700|on||||||\u00bb text_text_color=\u00bbgcid-51c228db-bf35-4437-87b7-906a6b6a9585&#8243; text_font_size=\u00bb28px\u00bb custom_margin=\u00bb40px||0px||false|false\u00bb custom_padding=\u00bb0px||0px||true|false\u00bb locked=\u00bboff\u00bb global_colors_info=\u00bb{%22gcid-51c228db-bf35-4437-87b7-906a6b6a9585%22:%91%22text_text_color%22%93}\u00bb]<\/p>\n<p>\u201cSine Labore Nihil\u201d<\/p>\n<p>[\/et_pb_text][\/et_pb_column][\/et_pb_row][\/et_pb_section]<\/p>\n","protected":false},"excerpt":{"rendered":"<p>La Instituci\u00f3nNuestra HistoriaEl Quilmes High School es una entidad centenaria con fecundos a\u00f1os de historia, tradici\u00f3n biling\u00fce y excelencia educativa al servicio de la comunidad. La Argentina de 1907, a\u00f1o en que se funda el Quilmes High School, se aprestaba para celebrar el centenario de la Revoluci\u00f3n de Mayo. Era presidente Jos\u00e9 Figueroa Alcorta, en [&hellip;]<\/p>\n","protected":false},"author":2,"featured_media":0,"parent":0,"menu_order":0,"comment_status":"closed","ping_status":"closed","template":"","meta":{"_et_pb_use_builder":"on","_et_pb_old_content":"","_et_gb_content_width":"","footnotes":""},"class_list":["post-492","page","type-page","status-publish","hentry"],"_links":{"self":[{"href":"https:\/\/www.qhs.com.ar\/web\/index.php\/wp-json\/wp\/v2\/pages\/492","targetHints":{"allow":["GET"]}}],"collection":[{"href":"https:\/\/www.qhs.com.ar\/web\/index.php\/wp-json\/wp\/v2\/pages"}],"about":[{"href":"https:\/\/www.qhs.com.ar\/web\/index.php\/wp-json\/wp\/v2\/types\/page"}],"author":[{"embeddable":true,"href":"https:\/\/www.qhs.com.ar\/web\/index.php\/wp-json\/wp\/v2\/users\/2"}],"replies":[{"embeddable":true,"href":"https:\/\/www.qhs.com.ar\/web\/index.php\/wp-json\/wp\/v2\/comments?post=492"}],"version-history":[{"count":32,"href":"https:\/\/www.qhs.com.ar\/web\/index.php\/wp-json\/wp\/v2\/pages\/492\/revisions"}],"predecessor-version":[{"id":1481,"href":"https:\/\/www.qhs.com.ar\/web\/index.php\/wp-json\/wp\/v2\/pages\/492\/revisions\/1481"}],"wp:attachment":[{"href":"https:\/\/www.qhs.com.ar\/web\/index.php\/wp-json\/wp\/v2\/media?parent=492"}],"curies":[{"name":"wp","href":"https:\/\/api.w.org\/{rel}","templated":true}]}}